{"id":156,"date":"2017-08-14T14:04:00","date_gmt":"2017-08-14T14:04:00","guid":{"rendered":"http:\/\/bridge91.qodeinteractive.com\/?page_id=156"},"modified":"2022-11-11T15:29:50","modified_gmt":"2022-11-11T15:29:50","slug":"main-home","status":"publish","type":"page","link":"https:\/\/www.schwarzwald-gastro.de\/","title":{"rendered":"Die Wirtevereinigung S\u00fcdschwarzwald-Hochrhein stellt sich vor"},"content":{"rendered":"<p>[vc_row css_animation=&#8220;&#8220; row_type=&#8220;row&#8220; use_row_as_full_screen_section=&#8220;yes&#8220; type=&#8220;full_width&#8220; angled_section=&#8220;no&#8220; text_align=&#8220;left&#8220; background_image_as_pattern=&#8220;without_pattern&#8220; z_index=&#8220;&#8220;][vc_column]<div class='portfolio_slider_holder clearfix'><div class='portfolio_slider'  data-number_of_items='4'  ><ul class='portfolio_slides'><li class='item'><div class='image_holder'><span class='image'><span class='image_pixel_hover'><\/span><a itemprop='url' href='https:\/\/www.schwarzwald-gastro.de\/?portfolio_page=gasthaus-adler-3' target='_self'><img width=\"500\" height=\"380\" src=\"https:\/\/www.schwarzwald-gastro.de\/wp-content\/uploads\/2019\/11\/4105-500x380.jpg\" class=\"attachment-portfolio_slider size-portfolio_slider wp-post-image\" alt=\"\" decoding=\"async\" loading=\"lazy\" \/><\/a><\/span><div class='hover_feature_holder'><div class=\"hover_feature_holder_outer\"><div class=\"hover_feature_holder_inner\"><h3 itemprop=\"name\" class=\"portfolio_title entry_title\"><a itemprop=\"url\" href=\"https:\/\/www.schwarzwald-gastro.de\/?portfolio_page=gasthaus-adler-3\" target=\"_self\">Gasthaus Adler<\/a><\/h3><span class=\"separator small\"><\/span><div class=\"project_category\">Waldshut Tiengen<\/div><a itemprop=\"url\" href=\"https:\/\/www.schwarzwald-gastro.de\/?portfolio_page=gasthaus-adler-3\" target=\"_self\" class=\"qbutton white small\">Mehr<\/a><\/div><\/div><\/div><\/div><\/li><li class='item'><div class='image_holder'><span class='image'><span class='image_pixel_hover'><\/span><a itemprop='url' href='https:\/\/www.schwarzwald-gastro.de\/?portfolio_page=landgasthof-loewen' target='_self'><img width=\"500\" height=\"380\" src=\"https:\/\/www.schwarzwald-gastro.de\/wp-content\/uploads\/2019\/11\/4105-500x380.jpg\" class=\"attachment-portfolio_slider size-portfolio_slider wp-post-image\" alt=\"\" decoding=\"async\" loading=\"lazy\" \/><\/a><\/span><div class='hover_feature_holder'><div class=\"hover_feature_holder_outer\"><div class=\"hover_feature_holder_inner\"><h3 itemprop=\"name\" class=\"portfolio_title entry_title\"><a itemprop=\"url\" href=\"https:\/\/www.schwarzwald-gastro.de\/?portfolio_page=landgasthof-loewen\" target=\"_self\">Landgasthof L\u00f6wen<\/a><\/h3><span class=\"separator small\"><\/span><div class=\"project_category\">Klettgau<\/div><a itemprop=\"url\" href=\"https:\/\/www.schwarzwald-gastro.de\/?portfolio_page=landgasthof-loewen\" target=\"_self\" class=\"qbutton white small\">Mehr<\/a><\/div><\/div><\/div><\/div><\/li><li class='item'><div class='image_holder'><span class='image'><span class='image_pixel_hover'><\/span><a itemprop='url' href='https:\/\/www.schwarzwald-gastro.de\/?portfolio_page=hotel-adler-2' target='_self'><img width=\"500\" height=\"380\" src=\"https:\/\/www.schwarzwald-gastro.de\/wp-content\/uploads\/2019\/11\/urlaub-im-schwarzwald83-500x380.jpg\" class=\"attachment-portfolio_slider size-portfolio_slider wp-post-image\" alt=\"\" decoding=\"async\" loading=\"lazy\" \/><\/a><\/span><div class='hover_feature_holder'><div class=\"hover_feature_holder_outer\"><div class=\"hover_feature_holder_inner\"><h3 itemprop=\"name\" class=\"portfolio_title entry_title\"><a itemprop=\"url\" href=\"https:\/\/www.schwarzwald-gastro.de\/?portfolio_page=hotel-adler-2\" target=\"_self\">Gasthaus Hotel Schwanen<\/a><\/h3><span class=\"separator small\"><\/span><div class=\"project_category\">St\u00fchlingen<\/div><a itemprop=\"url\" href=\"https:\/\/www.schwarzwald-gastro.de\/?portfolio_page=hotel-adler-2\" target=\"_self\" class=\"qbutton white small\">Mehr<\/a><\/div><\/div><\/div><\/div><\/li><li class='item'><div class='image_holder'><span class='image'><span class='image_pixel_hover'><\/span><a itemprop='url' href='https:\/\/www.schwarzwald-gastro.de\/?portfolio_page=hotel-adler' target='_self'><img width=\"500\" height=\"380\" src=\"https:\/\/www.schwarzwald-gastro.de\/wp-content\/uploads\/2019\/11\/237029_351b2edc14bf4dd8bcf082453eec148bmv2-500x380.jpg\" class=\"attachment-portfolio_slider size-portfolio_slider wp-post-image\" alt=\"\" decoding=\"async\" loading=\"lazy\" \/><\/a><\/span><div class='hover_feature_holder'><div class=\"hover_feature_holder_outer\"><div class=\"hover_feature_holder_inner\"><h3 itemprop=\"name\" class=\"portfolio_title entry_title\"><a itemprop=\"url\" href=\"https:\/\/www.schwarzwald-gastro.de\/?portfolio_page=hotel-adler\" target=\"_self\">Hotel Adler<\/a><\/h3><span class=\"separator small\"><\/span><div class=\"project_category\">Bernau<\/div><a itemprop=\"url\" href=\"https:\/\/www.schwarzwald-gastro.de\/?portfolio_page=hotel-adler\" target=\"_self\" class=\"qbutton white small\">Mehr<\/a><\/div><\/div><\/div><\/div><\/li><li class='item'><div class='image_holder'><span class='image'><span class='image_pixel_hover'><\/span><a itemprop='url' href='https:\/\/www.schwarzwald-gastro.de\/?portfolio_page=landhotel-wilder-mann' target='_self'><img width=\"500\" height=\"380\" src=\"https:\/\/www.schwarzwald-gastro.de\/wp-content\/uploads\/2019\/11\/2018-09-24-wilder-mann-I-II-32684-HDR-Bearbeitet2-500x380.jpg\" class=\"attachment-portfolio_slider size-portfolio_slider wp-post-image\" alt=\"\" decoding=\"async\" loading=\"lazy\" \/><\/a><\/span><div class='hover_feature_holder'><div class=\"hover_feature_holder_outer\"><div class=\"hover_feature_holder_inner\"><h3 itemprop=\"name\" class=\"portfolio_title entry_title\"><a itemprop=\"url\" href=\"https:\/\/www.schwarzwald-gastro.de\/?portfolio_page=landhotel-wilder-mann\" target=\"_self\">Landhotel Wilder Mann<\/a><\/h3><span class=\"separator small\"><\/span><div class=\"project_category\">Eggingen<\/div><a itemprop=\"url\" href=\"https:\/\/www.schwarzwald-gastro.de\/?portfolio_page=landhotel-wilder-mann\" target=\"_self\" class=\"qbutton white small\">Mehr<\/a><\/div><\/div><\/div><\/div><\/li><li class='item'><div class='image_holder'><span class='image'><span class='image_pixel_hover'><\/span><a itemprop='url' href='https:\/\/www.schwarzwald-gastro.de\/?portfolio_page=landgasthof-engel' target='_self'><img width=\"500\" height=\"380\" src=\"https:\/\/www.schwarzwald-gastro.de\/wp-content\/uploads\/2019\/11\/4105-500x380.jpg\" class=\"attachment-portfolio_slider size-portfolio_slider wp-post-image\" alt=\"\" decoding=\"async\" loading=\"lazy\" \/><\/a><\/span><div class='hover_feature_holder'><div class=\"hover_feature_holder_outer\"><div class=\"hover_feature_holder_inner\"><h3 itemprop=\"name\" class=\"portfolio_title entry_title\"><a itemprop=\"url\" href=\"https:\/\/www.schwarzwald-gastro.de\/?portfolio_page=landgasthof-engel\" target=\"_self\">Landgasthof Engel<\/a><\/h3><span class=\"separator small\"><\/span><div class=\"project_category\">Albbruck<\/div><a itemprop=\"url\" href=\"https:\/\/www.schwarzwald-gastro.de\/?portfolio_page=landgasthof-engel\" target=\"_self\" class=\"qbutton white small\">Mehr<\/a><\/div><\/div><\/div><\/div><\/li><li class='item'><div class='image_holder'><span class='image'><span class='image_pixel_hover'><\/span><a itemprop='url' href='https:\/\/www.schwarzwald-gastro.de\/?portfolio_page=klettgauer-bierhalle' target='_self'><img width=\"500\" height=\"380\" src=\"https:\/\/www.schwarzwald-gastro.de\/wp-content\/uploads\/2019\/11\/4105-500x380.jpg\" class=\"attachment-portfolio_slider size-portfolio_slider wp-post-image\" alt=\"\" decoding=\"async\" loading=\"lazy\" \/><\/a><\/span><div class='hover_feature_holder'><div class=\"hover_feature_holder_outer\"><div class=\"hover_feature_holder_inner\"><h3 itemprop=\"name\" class=\"portfolio_title entry_title\"><a itemprop=\"url\" href=\"https:\/\/www.schwarzwald-gastro.de\/?portfolio_page=klettgauer-bierhalle\" target=\"_self\">Klettgauer Bierhalle<\/a><\/h3><span class=\"separator small\"><\/span><div class=\"project_category\">Waldshut Tiengen<\/div><a itemprop=\"url\" href=\"https:\/\/www.schwarzwald-gastro.de\/?portfolio_page=klettgauer-bierhalle\" target=\"_self\" class=\"qbutton white small\">Mehr<\/a><\/div><\/div><\/div><\/div><\/li><li class='item'><div class='image_holder'><span class='image'><span class='image_pixel_hover'><\/span><a itemprop='url' href='https:\/\/www.schwarzwald-gastro.de\/?portfolio_page=landgasthof-roessle' target='_self'><img width=\"500\" height=\"380\" src=\"https:\/\/www.schwarzwald-gastro.de\/wp-content\/uploads\/2019\/11\/urlaub-schwarzwald30-500x380.jpg\" class=\"attachment-portfolio_slider size-portfolio_slider wp-post-image\" alt=\"\" decoding=\"async\" loading=\"lazy\" \/><\/a><\/span><div class='hover_feature_holder'><div class=\"hover_feature_holder_outer\"><div class=\"hover_feature_holder_inner\"><h3 itemprop=\"name\" class=\"portfolio_title entry_title\"><a itemprop=\"url\" href=\"https:\/\/www.schwarzwald-gastro.de\/?portfolio_page=landgasthof-roessle\" target=\"_self\">Landgasthof R\u00f6ssle<\/a><\/h3><span class=\"separator small\"><\/span><div class=\"project_category\">\u00dchlingen Birkendorf<\/div><a itemprop=\"url\" href=\"https:\/\/www.schwarzwald-gastro.de\/?portfolio_page=landgasthof-roessle\" target=\"_self\" class=\"qbutton white small\">Mehr<\/a><\/div><\/div><\/div><\/div><\/li><li class='item'><div class='image_holder'><span class='image'><span class='image_pixel_hover'><\/span><a itemprop='url' href='https:\/\/www.schwarzwald-gastro.de\/?portfolio_page=wellnesshotel-auerhahn' target='_self'><img width=\"500\" height=\"350\" src=\"https:\/\/www.schwarzwald-gastro.de\/wp-content\/uploads\/2019\/11\/Auerhahn600-500x350.jpg\" class=\"attachment-portfolio_slider size-portfolio_slider wp-post-image\" alt=\"\" decoding=\"async\" loading=\"lazy\" \/><\/a><\/span><div class='hover_feature_holder'><div class=\"hover_feature_holder_outer\"><div class=\"hover_feature_holder_inner\"><h3 itemprop=\"name\" class=\"portfolio_title entry_title\"><a itemprop=\"url\" href=\"https:\/\/www.schwarzwald-gastro.de\/?portfolio_page=wellnesshotel-auerhahn\" target=\"_self\">Wellnesshotel Auerhahn<\/a><\/h3><span class=\"separator small\"><\/span><div class=\"project_category\">Schluchsee<\/div><a itemprop=\"url\" href=\"https:\/\/www.schwarzwald-gastro.de\/?portfolio_page=wellnesshotel-auerhahn\" target=\"_self\" class=\"qbutton white small\">Mehr<\/a><\/div><\/div><\/div><\/div><\/li><li class='item'><div class='image_holder'><span class='image'><span class='image_pixel_hover'><\/span><a itemprop='url' href='https:\/\/www.schwarzwald-gastro.de\/?portfolio_page=cafe-steffen' target='_self'><img width=\"500\" height=\"380\" src=\"https:\/\/www.schwarzwald-gastro.de\/wp-content\/uploads\/2019\/11\/4105-500x380.jpg\" class=\"attachment-portfolio_slider size-portfolio_slider wp-post-image\" alt=\"\" decoding=\"async\" loading=\"lazy\" \/><\/a><\/span><div class='hover_feature_holder'><div class=\"hover_feature_holder_outer\"><div class=\"hover_feature_holder_inner\"><h3 itemprop=\"name\" class=\"portfolio_title entry_title\"><a itemprop=\"url\" href=\"https:\/\/www.schwarzwald-gastro.de\/?portfolio_page=cafe-steffen\" target=\"_self\">Cafe Steffen<\/a><\/h3><span class=\"separator small\"><\/span><div class=\"project_category\">Waldshut Tiengen<\/div><a itemprop=\"url\" href=\"https:\/\/www.schwarzwald-gastro.de\/?portfolio_page=cafe-steffen\" target=\"_self\" class=\"qbutton white small\">Mehr<\/a><\/div><\/div><\/div><\/div><\/li><li class='item'><div class='image_holder'><span class='image'><span class='image_pixel_hover'><\/span><a itemprop='url' href='https:\/\/www.schwarzwald-gastro.de\/?portfolio_page=gasthaus-cafe-nimmersatt' target='_self'><img width=\"500\" height=\"380\" src=\"https:\/\/www.schwarzwald-gastro.de\/wp-content\/uploads\/2019\/11\/image-1-500x380.jpg\" class=\"attachment-portfolio_slider size-portfolio_slider wp-post-image\" alt=\"\" decoding=\"async\" loading=\"lazy\" \/><\/a><\/span><div class='hover_feature_holder'><div class=\"hover_feature_holder_outer\"><div class=\"hover_feature_holder_inner\"><h3 itemprop=\"name\" class=\"portfolio_title entry_title\"><a itemprop=\"url\" href=\"https:\/\/www.schwarzwald-gastro.de\/?portfolio_page=gasthaus-cafe-nimmersatt\" target=\"_self\">Gasthaus + Cafe Nimmersatt<\/a><\/h3><span class=\"separator small\"><\/span><div class=\"project_category\">Lauchringen<\/div><a itemprop=\"url\" href=\"https:\/\/www.schwarzwald-gastro.de\/?portfolio_page=gasthaus-cafe-nimmersatt\" target=\"_self\" class=\"qbutton white small\">Mehr<\/a><\/div><\/div><\/div><\/div><\/li><li class='item'><div class='image_holder'><span class='image'><span class='image_pixel_hover'><\/span><a itemprop='url' href='https:\/\/www.schwarzwald-gastro.de\/?portfolio_page=restaurant-cafe-hacho-stube' target='_self'><img width=\"500\" height=\"380\" src=\"https:\/\/www.schwarzwald-gastro.de\/wp-content\/uploads\/2019\/11\/promo1-500x380.jpg\" class=\"attachment-portfolio_slider size-portfolio_slider wp-post-image\" alt=\"\" decoding=\"async\" loading=\"lazy\" \/><\/a><\/span><div class='hover_feature_holder'><div class=\"hover_feature_holder_outer\"><div class=\"hover_feature_holder_inner\"><h3 itemprop=\"name\" class=\"portfolio_title entry_title\"><a itemprop=\"url\" href=\"https:\/\/www.schwarzwald-gastro.de\/?portfolio_page=restaurant-cafe-hacho-stube\" target=\"_self\">Hotel Restaurant  &#8222;Dachsberger Hof&#8220;<\/a><\/h3><span class=\"separator small\"><\/span><div class=\"project_category\">Dachsberg<\/div><a itemprop=\"url\" href=\"https:\/\/www.schwarzwald-gastro.de\/?portfolio_page=restaurant-cafe-hacho-stube\" target=\"_self\" class=\"qbutton white small\">Mehr<\/a><\/div><\/div><\/div><\/div><\/li><li class='item'><div class='image_holder'><span class='image'><span class='image_pixel_hover'><\/span><a itemprop='url' href='https:\/\/www.schwarzwald-gastro.de\/?portfolio_page=hotel-gasthof-zur-burg' target='_self'><img width=\"500\" height=\"380\" src=\"https:\/\/www.schwarzwald-gastro.de\/wp-content\/uploads\/2019\/11\/ban_home_1-500x380.jpg\" class=\"attachment-portfolio_slider size-portfolio_slider wp-post-image\" alt=\"\" decoding=\"async\" loading=\"lazy\" \/><\/a><\/span><div class='hover_feature_holder'><div class=\"hover_feature_holder_outer\"><div class=\"hover_feature_holder_inner\"><h3 itemprop=\"name\" class=\"portfolio_title entry_title\"><a itemprop=\"url\" href=\"https:\/\/www.schwarzwald-gastro.de\/?portfolio_page=hotel-gasthof-zur-burg\" target=\"_self\">Hotel Gasthof zur Burg<\/a><\/h3><span class=\"separator small\"><\/span><div class=\"project_category\">Wutach<\/div><a itemprop=\"url\" href=\"https:\/\/www.schwarzwald-gastro.de\/?portfolio_page=hotel-gasthof-zur-burg\" target=\"_self\" class=\"qbutton white small\">Mehr<\/a><\/div><\/div><\/div><\/div><\/li><li class='item'><div class='image_holder'><span class='image'><span class='image_pixel_hover'><\/span><a itemprop='url' href='https:\/\/www.schwarzwald-gastro.de\/?portfolio_page=hochrheinstueble-2' target='_self'><img width=\"300\" height=\"225\" src=\"https:\/\/www.schwarzwald-gastro.de\/wp-content\/uploads\/2019\/11\/25372_01.jpg\" class=\"attachment-portfolio_slider size-portfolio_slider wp-post-image\" alt=\"\" decoding=\"async\" loading=\"lazy\" \/><\/a><\/span><div class='hover_feature_holder'><div class=\"hover_feature_holder_outer\"><div class=\"hover_feature_holder_inner\"><h3 itemprop=\"name\" class=\"portfolio_title entry_title\"><a itemprop=\"url\" href=\"https:\/\/www.schwarzwald-gastro.de\/?portfolio_page=hochrheinstueble-2\" target=\"_self\">Restaurant Caf\u00e9 Hacho-Stube<\/a><\/h3><span class=\"separator small\"><\/span><div class=\"project_category\">H\u00f6chenschwand<\/div><a itemprop=\"url\" href=\"https:\/\/www.schwarzwald-gastro.de\/?portfolio_page=hochrheinstueble-2\" target=\"_self\" class=\"qbutton white small\">Mehr<\/a><\/div><\/div><\/div><\/div><\/li><li class='item'><div class='image_holder'><span class='image'><span class='image_pixel_hover'><\/span><a itemprop='url' href='https:\/\/www.schwarzwald-gastro.de\/?portfolio_page=hochrheinstueble' target='_self'><img width=\"500\" height=\"364\" src=\"https:\/\/www.schwarzwald-gastro.de\/wp-content\/uploads\/2019\/11\/das_haus1-500x364.jpg\" class=\"attachment-portfolio_slider size-portfolio_slider wp-post-image\" alt=\"\" decoding=\"async\" loading=\"lazy\" \/><\/a><\/span><div class='hover_feature_holder'><div class=\"hover_feature_holder_outer\"><div class=\"hover_feature_holder_inner\"><h3 itemprop=\"name\" class=\"portfolio_title entry_title\"><a itemprop=\"url\" href=\"https:\/\/www.schwarzwald-gastro.de\/?portfolio_page=hochrheinstueble\" target=\"_self\">Hochrheinst\u00fcble<\/a><\/h3><span class=\"separator small\"><\/span><div class=\"project_category\">Hohentengen<\/div><a itemprop=\"url\" href=\"https:\/\/www.schwarzwald-gastro.de\/?portfolio_page=hochrheinstueble\" target=\"_self\" class=\"qbutton white small\">Mehr<\/a><\/div><\/div><\/div><\/div><\/li><li class='item'><div class='image_holder'><span class='image'><span class='image_pixel_hover'><\/span><a itemprop='url' href='https:\/\/www.schwarzwald-gastro.de\/?portfolio_page=gourmet-grill' target='_self'><img width=\"500\" height=\"380\" src=\"https:\/\/www.schwarzwald-gastro.de\/wp-content\/uploads\/2019\/11\/4105-500x380.jpg\" class=\"attachment-portfolio_slider size-portfolio_slider wp-post-image\" alt=\"\" decoding=\"async\" loading=\"lazy\" \/><\/a><\/span><div class='hover_feature_holder'><div class=\"hover_feature_holder_outer\"><div class=\"hover_feature_holder_inner\"><h3 itemprop=\"name\" class=\"portfolio_title entry_title\"><a itemprop=\"url\" href=\"https:\/\/www.schwarzwald-gastro.de\/?portfolio_page=gourmet-grill\" target=\"_self\">Gourmet Grill<\/a><\/h3><span class=\"separator small\"><\/span><div class=\"project_category\">Laufenburg<\/div><a itemprop=\"url\" href=\"https:\/\/www.schwarzwald-gastro.de\/?portfolio_page=gourmet-grill\" target=\"_self\" class=\"qbutton white small\">Mehr<\/a><\/div><\/div><\/div><\/div><\/li><li class='item'><div class='image_holder'><span class='image'><span class='image_pixel_hover'><\/span><a itemprop='url' href='https:\/\/www.schwarzwald-gastro.de\/?portfolio_page=landgasthof-hotel-rebstock' target='_self'><img width=\"500\" height=\"296\" src=\"https:\/\/www.schwarzwald-gastro.de\/wp-content\/uploads\/2019\/11\/rebstock-500x296.jpg\" class=\"attachment-portfolio_slider size-portfolio_slider wp-post-image\" alt=\"\" decoding=\"async\" loading=\"lazy\" \/><\/a><\/span><div class='hover_feature_holder'><div class=\"hover_feature_holder_outer\"><div class=\"hover_feature_holder_inner\"><h3 itemprop=\"name\" class=\"portfolio_title entry_title\"><a itemprop=\"url\" href=\"https:\/\/www.schwarzwald-gastro.de\/?portfolio_page=landgasthof-hotel-rebstock\" target=\"_self\">Landgasthof Hotel Rebstock<\/a><\/h3><span class=\"separator small\"><\/span><div class=\"project_category\">St\u00fchlingen<\/div><a itemprop=\"url\" href=\"https:\/\/www.schwarzwald-gastro.de\/?portfolio_page=landgasthof-hotel-rebstock\" target=\"_self\" class=\"qbutton white small\">Mehr<\/a><\/div><\/div><\/div><\/div><\/li><li class='item'><div class='image_holder'><span class='image'><span class='image_pixel_hover'><\/span><a itemprop='url' href='https:\/\/www.schwarzwald-gastro.de\/?portfolio_page=gasthof-zum-kranz' target='_self'><img width=\"500\" height=\"380\" src=\"https:\/\/www.schwarzwald-gastro.de\/wp-content\/uploads\/2019\/11\/gasthof_2-500x380.jpg\" class=\"attachment-portfolio_slider size-portfolio_slider wp-post-image\" alt=\"\" decoding=\"async\" loading=\"lazy\" \/><\/a><\/span><div class='hover_feature_holder'><div class=\"hover_feature_holder_outer\"><div class=\"hover_feature_holder_inner\"><h3 itemprop=\"name\" class=\"portfolio_title entry_title\"><a itemprop=\"url\" href=\"https:\/\/www.schwarzwald-gastro.de\/?portfolio_page=gasthof-zum-kranz\" target=\"_self\">Gasthof zum Kranz<\/a><\/h3><span class=\"separator small\"><\/span><div class=\"project_category\">Jestetten<\/div><a itemprop=\"url\" href=\"https:\/\/www.schwarzwald-gastro.de\/?portfolio_page=gasthof-zum-kranz\" target=\"_self\" class=\"qbutton white small\">Mehr<\/a><\/div><\/div><\/div><\/div><\/li><li class='item'><div class='image_holder'><span class='image'><span class='image_pixel_hover'><\/span><a itemprop='url' href='https:\/\/www.schwarzwald-gastro.de\/?portfolio_page=gasthof-pension-lamm' target='_self'><img width=\"500\" height=\"380\" src=\"https:\/\/www.schwarzwald-gastro.de\/wp-content\/uploads\/2019\/11\/page_haus_vorne_w700_h466-500x380.jpg\" class=\"attachment-portfolio_slider size-portfolio_slider wp-post-image\" alt=\"\" decoding=\"async\" loading=\"lazy\" \/><\/a><\/span><div class='hover_feature_holder'><div class=\"hover_feature_holder_outer\"><div class=\"hover_feature_holder_inner\"><h3 itemprop=\"name\" class=\"portfolio_title entry_title\"><a itemprop=\"url\" href=\"https:\/\/www.schwarzwald-gastro.de\/?portfolio_page=gasthof-pension-lamm\" target=\"_self\">Gasthof Pension Lamm<\/a><\/h3><span class=\"separator small\"><\/span><div class=\"project_category\">G\u00f6rwihl<\/div><a itemprop=\"url\" href=\"https:\/\/www.schwarzwald-gastro.de\/?portfolio_page=gasthof-pension-lamm\" target=\"_self\" class=\"qbutton white small\">Mehr<\/a><\/div><\/div><\/div><\/div><\/li><li class='item'><div class='image_holder'><span class='image'><span class='image_pixel_hover'><\/span><a itemprop='url' href='https:\/\/www.schwarzwald-gastro.de\/?portfolio_page=hotel-gasthof-zum-hirschen' target='_self'><img width=\"500\" height=\"380\" src=\"https:\/\/www.schwarzwald-gastro.de\/wp-content\/uploads\/2019\/11\/Hirschen.oh_.Ki_.Wappen-500x380.jpg\" class=\"attachment-portfolio_slider size-portfolio_slider wp-post-image\" alt=\"\" decoding=\"async\" loading=\"lazy\" \/><\/a><\/span><div class='hover_feature_holder'><div class=\"hover_feature_holder_outer\"><div class=\"hover_feature_holder_inner\"><h3 itemprop=\"name\" class=\"portfolio_title entry_title\"><a itemprop=\"url\" href=\"https:\/\/www.schwarzwald-gastro.de\/?portfolio_page=hotel-gasthof-zum-hirschen\" target=\"_self\">Hotel Gasthof zum Hirschen<\/a><\/h3><span class=\"separator small\"><\/span><div class=\"project_category\">\u00dchlingen Birkendorf<\/div><a itemprop=\"url\" href=\"https:\/\/www.schwarzwald-gastro.de\/?portfolio_page=hotel-gasthof-zum-hirschen\" target=\"_self\" class=\"qbutton white small\">Mehr<\/a><\/div><\/div><\/div><\/div><\/li><li class='item'><div class='image_holder'><span class='image'><span class='image_pixel_hover'><\/span><a itemprop='url' href='https:\/\/www.schwarzwald-gastro.de\/?portfolio_page=landgasthaus-adler' target='_self'><img width=\"500\" height=\"380\" src=\"https:\/\/www.schwarzwald-gastro.de\/wp-content\/uploads\/2019\/11\/4105-500x380.jpg\" class=\"attachment-portfolio_slider size-portfolio_slider wp-post-image\" alt=\"\" decoding=\"async\" loading=\"lazy\" \/><\/a><\/span><div class='hover_feature_holder'><div class=\"hover_feature_holder_outer\"><div class=\"hover_feature_holder_inner\"><h3 itemprop=\"name\" class=\"portfolio_title entry_title\"><a itemprop=\"url\" href=\"https:\/\/www.schwarzwald-gastro.de\/?portfolio_page=landgasthaus-adler\" target=\"_self\">Landgasthaus Adler<\/a><\/h3><span class=\"separator small\"><\/span><div class=\"project_category\">St\u00fchlingen<\/div><a itemprop=\"url\" href=\"https:\/\/www.schwarzwald-gastro.de\/?portfolio_page=landgasthaus-adler\" target=\"_self\" class=\"qbutton white small\">Mehr<\/a><\/div><\/div><\/div><\/div><\/li><li class='item'><div class='image_holder'><span class='image'><span class='image_pixel_hover'><\/span><a itemprop='url' href='https:\/\/www.schwarzwald-gastro.de\/?portfolio_page=gasthof-zum-lauffen' target='_self'><img width=\"472\" height=\"318\" src=\"https:\/\/www.schwarzwald-gastro.de\/wp-content\/uploads\/2019\/11\/1365974616.jpg\" class=\"attachment-portfolio_slider size-portfolio_slider wp-post-image\" alt=\"\" decoding=\"async\" loading=\"lazy\" srcset=\"https:\/\/www.schwarzwald-gastro.de\/wp-content\/uploads\/2019\/11\/1365974616.jpg 472w, https:\/\/www.schwarzwald-gastro.de\/wp-content\/uploads\/2019\/11\/1365974616-300x202.jpg 300w\" sizes=\"(max-width: 472px) 100vw, 472px\" \/><\/a><\/span><div class='hover_feature_holder'><div class=\"hover_feature_holder_outer\"><div class=\"hover_feature_holder_inner\"><h3 itemprop=\"name\" class=\"portfolio_title entry_title\"><a itemprop=\"url\" href=\"https:\/\/www.schwarzwald-gastro.de\/?portfolio_page=gasthof-zum-lauffen\" target=\"_self\">Gasthof zum Lauffen<\/a><\/h3><span class=\"separator small\"><\/span><div class=\"project_category\">Waldshut Tiengen<\/div><a itemprop=\"url\" href=\"https:\/\/www.schwarzwald-gastro.de\/?portfolio_page=gasthof-zum-lauffen\" target=\"_self\" class=\"qbutton white small\">Mehr<\/a><\/div><\/div><\/div><\/div><\/li><li class='item'><div class='image_holder'><span class='image'><span class='image_pixel_hover'><\/span><a itemprop='url' href='https:\/\/www.schwarzwald-gastro.de\/?portfolio_page=gasthaus-loewen' target='_self'><img width=\"500\" height=\"380\" src=\"https:\/\/www.schwarzwald-gastro.de\/wp-content\/uploads\/2019\/11\/4105-500x380.jpg\" class=\"attachment-portfolio_slider size-portfolio_slider wp-post-image\" alt=\"\" decoding=\"async\" loading=\"lazy\" \/><\/a><\/span><div class='hover_feature_holder'><div class=\"hover_feature_holder_outer\"><div class=\"hover_feature_holder_inner\"><h3 itemprop=\"name\" class=\"portfolio_title entry_title\"><a itemprop=\"url\" href=\"https:\/\/www.schwarzwald-gastro.de\/?portfolio_page=gasthaus-loewen\" target=\"_self\">Gasthaus L\u00f6wen<\/a><\/h3><span class=\"separator small\"><\/span><div class=\"project_category\">Waldshut Tiengen<\/div><a itemprop=\"url\" href=\"https:\/\/www.schwarzwald-gastro.de\/?portfolio_page=gasthaus-loewen\" target=\"_self\" class=\"qbutton white small\">Mehr<\/a><\/div><\/div><\/div><\/div><\/li><li class='item'><div class='image_holder'><span class='image'><span class='image_pixel_hover'><\/span><a itemprop='url' href='https:\/\/www.schwarzwald-gastro.de\/?portfolio_page=hotel-feldeck' target='_self'><img width=\"500\" height=\"380\" src=\"https:\/\/www.schwarzwald-gastro.de\/wp-content\/uploads\/2019\/11\/Gartenhotel-Feldeck-Restaurant-Bild-5-500x380.jpg\" class=\"attachment-portfolio_slider size-portfolio_slider wp-post-image\" alt=\"\" decoding=\"async\" loading=\"lazy\" \/><\/a><\/span><div class='hover_feature_holder'><div class=\"hover_feature_holder_outer\"><div class=\"hover_feature_holder_inner\"><h3 itemprop=\"name\" class=\"portfolio_title entry_title\"><a itemprop=\"url\" href=\"https:\/\/www.schwarzwald-gastro.de\/?portfolio_page=hotel-feldeck\" target=\"_self\">Hotel Feldeck<\/a><\/h3><span class=\"separator small\"><\/span><div class=\"project_category\">Lauchringen<\/div><a itemprop=\"url\" href=\"https:\/\/www.schwarzwald-gastro.de\/?portfolio_page=hotel-feldeck\" target=\"_self\" class=\"qbutton white small\">Mehr<\/a><\/div><\/div><\/div><\/div><\/li><li class='item'><div class='image_holder'><span class='image'><span class='image_pixel_hover'><\/span><a itemprop='url' href='https:\/\/www.schwarzwald-gastro.de\/?portfolio_page=cafe-oberle' target='_self'><img width=\"500\" height=\"380\" src=\"https:\/\/www.schwarzwald-gastro.de\/wp-content\/uploads\/2019\/11\/oberle-500x380.jpg\" class=\"attachment-portfolio_slider size-portfolio_slider wp-post-image\" alt=\"\" decoding=\"async\" loading=\"lazy\" \/><\/a><\/span><div class='hover_feature_holder'><div class=\"hover_feature_holder_outer\"><div class=\"hover_feature_holder_inner\"><h3 itemprop=\"name\" class=\"portfolio_title entry_title\"><a itemprop=\"url\" href=\"https:\/\/www.schwarzwald-gastro.de\/?portfolio_page=cafe-oberle\" target=\"_self\">Caf\u00e9 Oberle<\/a><\/h3><span class=\"separator small\"><\/span><div class=\"project_category\">Waldshut Tiengen<\/div><a itemprop=\"url\" href=\"https:\/\/www.schwarzwald-gastro.de\/?portfolio_page=cafe-oberle\" target=\"_self\" class=\"qbutton white small\">Mehr<\/a><\/div><\/div><\/div><\/div><\/li><li class='item'><div class='image_holder'><span class='image'><span class='image_pixel_hover'><\/span><a itemprop='url' href='https:\/\/www.schwarzwald-gastro.de\/?portfolio_page=landhotel-haringer-hof' target='_self'><img width=\"500\" height=\"380\" src=\"https:\/\/www.schwarzwald-gastro.de\/wp-content\/uploads\/2019\/11\/haringerhof_index_900x400_02-500x380.jpg\" class=\"attachment-portfolio_slider size-portfolio_slider wp-post-image\" alt=\"\" decoding=\"async\" loading=\"lazy\" \/><\/a><\/span><div class='hover_feature_holder'><div class=\"hover_feature_holder_outer\"><div class=\"hover_feature_holder_inner\"><h3 itemprop=\"name\" class=\"portfolio_title entry_title\"><a itemprop=\"url\" href=\"https:\/\/www.schwarzwald-gastro.de\/?portfolio_page=landhotel-haringer-hof\" target=\"_self\">Landhotel Haringer Hof<\/a><\/h3><span class=\"separator small\"><\/span><div class=\"project_category\">Grafenhausen<\/div><a itemprop=\"url\" href=\"https:\/\/www.schwarzwald-gastro.de\/?portfolio_page=landhotel-haringer-hof\" target=\"_self\" class=\"qbutton white small\">Mehr<\/a><\/div><\/div><\/div><\/div><\/li><li class='item'><div class='image_holder'><span class='image'><span class='image_pixel_hover'><\/span><a itemprop='url' href='https:\/\/www.schwarzwald-gastro.de\/?portfolio_page=gasthaus-hirschen' target='_self'><img width=\"500\" height=\"312\" src=\"https:\/\/www.schwarzwald-gastro.de\/wp-content\/uploads\/2019\/11\/aussen-01-hires-500x312.jpg\" class=\"attachment-portfolio_slider size-portfolio_slider wp-post-image\" alt=\"\" decoding=\"async\" loading=\"lazy\" \/><\/a><\/span><div class='hover_feature_holder'><div class=\"hover_feature_holder_outer\"><div class=\"hover_feature_holder_inner\"><h3 itemprop=\"name\" class=\"portfolio_title entry_title\"><a itemprop=\"url\" href=\"https:\/\/www.schwarzwald-gastro.de\/?portfolio_page=gasthaus-hirschen\" target=\"_self\">Gasthaus Hirschen<\/a><\/h3><span class=\"separator small\"><\/span><div class=\"project_category\">K\u00fcssaberg<\/div><a itemprop=\"url\" href=\"https:\/\/www.schwarzwald-gastro.de\/?portfolio_page=gasthaus-hirschen\" target=\"_self\" class=\"qbutton white small\">Mehr<\/a><\/div><\/div><\/div><\/div><\/li><li class='item'><div class='image_holder'><span class='image'><span class='image_pixel_hover'><\/span><a itemprop='url' href='https:\/\/www.schwarzwald-gastro.de\/?portfolio_page=cafe-restaurant-jaegerklause' target='_self'><img width=\"500\" height=\"380\" src=\"https:\/\/www.schwarzwald-gastro.de\/wp-content\/uploads\/2019\/11\/42660_01-500x380.jpg\" class=\"attachment-portfolio_slider size-portfolio_slider wp-post-image\" alt=\"\" decoding=\"async\" loading=\"lazy\" \/><\/a><\/span><div class='hover_feature_holder'><div class=\"hover_feature_holder_outer\"><div class=\"hover_feature_holder_inner\"><h3 itemprop=\"name\" class=\"portfolio_title entry_title\"><a itemprop=\"url\" href=\"https:\/\/www.schwarzwald-gastro.de\/?portfolio_page=cafe-restaurant-jaegerklause\" target=\"_self\">Caf\u00e8 &#038; Restaurant J\u00e4gerklause<\/a><\/h3><span class=\"separator small\"><\/span><div class=\"project_category\">Grafenhausen<\/div><a itemprop=\"url\" href=\"https:\/\/www.schwarzwald-gastro.de\/?portfolio_page=cafe-restaurant-jaegerklause\" target=\"_self\" class=\"qbutton white small\">Mehr<\/a><\/div><\/div><\/div><\/div><\/li><li class='item'><div class='image_holder'><span class='image'><span class='image_pixel_hover'><\/span><a itemprop='url' href='https:\/\/www.schwarzwald-gastro.de\/?portfolio_page=gaststaette-ziegelhuette' target='_self'><img width=\"500\" height=\"380\" src=\"https:\/\/www.schwarzwald-gastro.de\/wp-content\/uploads\/2019\/11\/4105-500x380.jpg\" class=\"attachment-portfolio_slider size-portfolio_slider wp-post-image\" alt=\"\" decoding=\"async\" loading=\"lazy\" \/><\/a><\/span><div class='hover_feature_holder'><div class=\"hover_feature_holder_outer\"><div class=\"hover_feature_holder_inner\"><h3 itemprop=\"name\" class=\"portfolio_title entry_title\"><a itemprop=\"url\" href=\"https:\/\/www.schwarzwald-gastro.de\/?portfolio_page=gaststaette-ziegelhuette\" target=\"_self\">Gastst\u00e4tte Ziegelh\u00fctte<\/a><\/h3><span class=\"separator small\"><\/span><div class=\"project_category\">Waldshut Tiengen<\/div><a itemprop=\"url\" href=\"https:\/\/www.schwarzwald-gastro.de\/?portfolio_page=gaststaette-ziegelhuette\" target=\"_self\" class=\"qbutton white small\">Mehr<\/a><\/div><\/div><\/div><\/div><\/li><li class='item'><div class='image_holder'><span class='image'><span class='image_pixel_hover'><\/span><a itemprop='url' href='https:\/\/www.schwarzwald-gastro.de\/?portfolio_page=gasthof-linde' target='_self'><img width=\"500\" height=\"380\" src=\"https:\/\/www.schwarzwald-gastro.de\/wp-content\/uploads\/2019\/11\/4105-500x380.jpg\" class=\"attachment-portfolio_slider size-portfolio_slider wp-post-image\" alt=\"\" decoding=\"async\" loading=\"lazy\" \/><\/a><\/span><div class='hover_feature_holder'><div class=\"hover_feature_holder_outer\"><div class=\"hover_feature_holder_inner\"><h3 itemprop=\"name\" class=\"portfolio_title entry_title\"><a itemprop=\"url\" href=\"https:\/\/www.schwarzwald-gastro.de\/?portfolio_page=gasthof-linde\" target=\"_self\">Gasthof Linde<\/a><\/h3><span class=\"separator small\"><\/span><div class=\"project_category\">Albbruck<\/div><a itemprop=\"url\" href=\"https:\/\/www.schwarzwald-gastro.de\/?portfolio_page=gasthof-linde\" target=\"_self\" class=\"qbutton white small\">Mehr<\/a><\/div><\/div><\/div><\/div><\/li><li class='item'><div class='image_holder'><span class='image'><span class='image_pixel_hover'><\/span><a itemprop='url' href='https:\/\/www.schwarzwald-gastro.de\/?portfolio_page=restaurant-pension-waldesruh' target='_self'><img width=\"448\" height=\"299\" src=\"https:\/\/www.schwarzwald-gastro.de\/wp-content\/uploads\/2019\/11\/waldesruh.jpg\" class=\"attachment-portfolio_slider size-portfolio_slider wp-post-image\" alt=\"\" decoding=\"async\" loading=\"lazy\" srcset=\"https:\/\/www.schwarzwald-gastro.de\/wp-content\/uploads\/2019\/11\/waldesruh.jpg 448w, https:\/\/www.schwarzwald-gastro.de\/wp-content\/uploads\/2019\/11\/waldesruh-300x200.jpg 300w\" sizes=\"(max-width: 448px) 100vw, 448px\" \/><\/a><\/span><div class='hover_feature_holder'><div class=\"hover_feature_holder_outer\"><div class=\"hover_feature_holder_inner\"><h3 itemprop=\"name\" class=\"portfolio_title entry_title\"><a itemprop=\"url\" href=\"https:\/\/www.schwarzwald-gastro.de\/?portfolio_page=restaurant-pension-waldesruh\" target=\"_self\">Restaurant Pension Waldesruh<\/a><\/h3><span class=\"separator small\"><\/span><div class=\"project_category\">\u00dchlingen Birkendorf<\/div><a itemprop=\"url\" href=\"https:\/\/www.schwarzwald-gastro.de\/?portfolio_page=restaurant-pension-waldesruh\" target=\"_self\" class=\"qbutton white small\">Mehr<\/a><\/div><\/div><\/div><\/div><\/li><li class='item'><div class='image_holder'><span class='image'><span class='image_pixel_hover'><\/span><a itemprop='url' href='https:\/\/www.schwarzwald-gastro.de\/?portfolio_page=restaurant-mange' target='_self'><img width=\"500\" height=\"300\" src=\"https:\/\/www.schwarzwald-gastro.de\/wp-content\/uploads\/2019\/11\/mange6-500x300.jpg\" class=\"attachment-portfolio_slider size-portfolio_slider wp-post-image\" alt=\"\" decoding=\"async\" loading=\"lazy\" \/><\/a><\/span><div class='hover_feature_holder'><div class=\"hover_feature_holder_outer\"><div class=\"hover_feature_holder_inner\"><h3 itemprop=\"name\" class=\"portfolio_title entry_title\"><a itemprop=\"url\" href=\"https:\/\/www.schwarzwald-gastro.de\/?portfolio_page=restaurant-mange\" target=\"_self\">Restaurant Mange<\/a><\/h3><span class=\"separator small\"><\/span><div class=\"project_category\">Klettgau<\/div><a itemprop=\"url\" href=\"https:\/\/www.schwarzwald-gastro.de\/?portfolio_page=restaurant-mange\" target=\"_self\" class=\"qbutton white small\">Mehr<\/a><\/div><\/div><\/div><\/div><\/li><li class='item'><div class='image_holder'><span class='image'><span class='image_pixel_hover'><\/span><a itemprop='url' href='https:\/\/www.schwarzwald-gastro.de\/?portfolio_page=landgasthof-adler' target='_self'><img width=\"500\" height=\"380\" src=\"https:\/\/www.schwarzwald-gastro.de\/wp-content\/uploads\/2019\/11\/4105-500x380.jpg\" class=\"attachment-portfolio_slider size-portfolio_slider wp-post-image\" alt=\"\" decoding=\"async\" loading=\"lazy\" \/><\/a><\/span><div class='hover_feature_holder'><div class=\"hover_feature_holder_outer\"><div class=\"hover_feature_holder_inner\"><h3 itemprop=\"name\" class=\"portfolio_title entry_title\"><a itemprop=\"url\" href=\"https:\/\/www.schwarzwald-gastro.de\/?portfolio_page=landgasthof-adler\" target=\"_self\">Landgasthof Adler<\/a><\/h3><span class=\"separator small\"><\/span><div class=\"project_category\">Klettgau<\/div><a itemprop=\"url\" href=\"https:\/\/www.schwarzwald-gastro.de\/?portfolio_page=landgasthof-adler\" target=\"_self\" class=\"qbutton white small\">Mehr<\/a><\/div><\/div><\/div><\/div><\/li><li class='item'><div class='image_holder'><span class='image'><span class='image_pixel_hover'><\/span><a itemprop='url' href='https:\/\/www.schwarzwald-gastro.de\/?portfolio_page=hotel-restaurant-waldshuter-hof' target='_self'><img width=\"500\" height=\"380\" src=\"https:\/\/www.schwarzwald-gastro.de\/wp-content\/uploads\/2019\/11\/wh-500x380.jpg\" class=\"attachment-portfolio_slider size-portfolio_slider wp-post-image\" alt=\"\" decoding=\"async\" loading=\"lazy\" \/><\/a><\/span><div class='hover_feature_holder'><div class=\"hover_feature_holder_outer\"><div class=\"hover_feature_holder_inner\"><h3 itemprop=\"name\" class=\"portfolio_title entry_title\"><a itemprop=\"url\" href=\"https:\/\/www.schwarzwald-gastro.de\/?portfolio_page=hotel-restaurant-waldshuter-hof\" target=\"_self\">Hotel Restaurant Waldshuter Hof<\/a><\/h3><span class=\"separator small\"><\/span><div class=\"project_category\">Waldshut Tiengen<\/div><a itemprop=\"url\" href=\"https:\/\/www.schwarzwald-gastro.de\/?portfolio_page=hotel-restaurant-waldshuter-hof\" target=\"_self\" class=\"qbutton white small\">Mehr<\/a><\/div><\/div><\/div><\/div><\/li><li class='item'><div class='image_holder'><span class='image'><span class='image_pixel_hover'><\/span><a itemprop='url' href='https:\/\/www.schwarzwald-gastro.de\/?portfolio_page=rheinischer-hof-waldshut' target='_self'><img width=\"500\" height=\"380\" src=\"https:\/\/www.schwarzwald-gastro.de\/wp-content\/uploads\/2019\/11\/rh-500x380.jpg\" class=\"attachment-portfolio_slider size-portfolio_slider wp-post-image\" alt=\"\" decoding=\"async\" loading=\"lazy\" \/><\/a><\/span><div class='hover_feature_holder'><div class=\"hover_feature_holder_outer\"><div class=\"hover_feature_holder_inner\"><h3 itemprop=\"name\" class=\"portfolio_title entry_title\"><a itemprop=\"url\" href=\"https:\/\/www.schwarzwald-gastro.de\/?portfolio_page=rheinischer-hof-waldshut\" target=\"_self\">Rheinischer Hof Waldshut<\/a><\/h3><span class=\"separator small\"><\/span><div class=\"project_category\">Waldshut Tiengen<\/div><a itemprop=\"url\" href=\"https:\/\/www.schwarzwald-gastro.de\/?portfolio_page=rheinischer-hof-waldshut\" target=\"_self\" class=\"qbutton white small\">Mehr<\/a><\/div><\/div><\/div><\/div><\/li><li class='item'><div class='image_holder'><span class='image'><span class='image_pixel_hover'><\/span><a itemprop='url' href='https:\/\/www.schwarzwald-gastro.de\/?portfolio_page=landgasthof-hirschen-2' target='_self'><img width=\"500\" height=\"380\" src=\"https:\/\/www.schwarzwald-gastro.de\/wp-content\/uploads\/2019\/11\/hirschen-500x380.jpg\" class=\"attachment-portfolio_slider size-portfolio_slider wp-post-image\" alt=\"\" decoding=\"async\" loading=\"lazy\" \/><\/a><\/span><div class='hover_feature_holder'><div class=\"hover_feature_holder_outer\"><div class=\"hover_feature_holder_inner\"><h3 itemprop=\"name\" class=\"portfolio_title entry_title\"><a itemprop=\"url\" href=\"https:\/\/www.schwarzwald-gastro.de\/?portfolio_page=landgasthof-hirschen-2\" target=\"_self\">Landgasthof Hirschen<\/a><\/h3><span class=\"separator small\"><\/span><div class=\"project_category\">Hohentengen<\/div><a itemprop=\"url\" href=\"https:\/\/www.schwarzwald-gastro.de\/?portfolio_page=landgasthof-hirschen-2\" target=\"_self\" class=\"qbutton white small\">Mehr<\/a><\/div><\/div><\/div><\/div><\/li><li class='item'><div class='image_holder'><span class='image'><span class='image_pixel_hover'><\/span><a itemprop='url' href='https:\/\/www.schwarzwald-gastro.de\/?portfolio_page=hotel-landgasthof-hirschen' target='_self'><img width=\"500\" height=\"300\" src=\"https:\/\/www.schwarzwald-gastro.de\/wp-content\/uploads\/2019\/11\/3-500x300.jpg\" class=\"attachment-portfolio_slider size-portfolio_slider wp-post-image\" alt=\"\" decoding=\"async\" loading=\"lazy\" \/><\/a><\/span><div class='hover_feature_holder'><div class=\"hover_feature_holder_outer\"><div class=\"hover_feature_holder_inner\"><h3 itemprop=\"name\" class=\"portfolio_title entry_title\"><a itemprop=\"url\" href=\"https:\/\/www.schwarzwald-gastro.de\/?portfolio_page=hotel-landgasthof-hirschen\" target=\"_self\">Hotel Landgasthof Hirschen<\/a><\/h3><span class=\"separator small\"><\/span><div class=\"project_category\">Waldshut Tiengen<\/div><a itemprop=\"url\" href=\"https:\/\/www.schwarzwald-gastro.de\/?portfolio_page=hotel-landgasthof-hirschen\" target=\"_self\" class=\"qbutton white small\">Mehr<\/a><\/div><\/div><\/div><\/div><\/li><li class='item'><div class='image_holder'><span class='image'><span class='image_pixel_hover'><\/span><a itemprop='url' href='https:\/\/www.schwarzwald-gastro.de\/?portfolio_page=dorfschmiede' target='_self'><img width=\"500\" height=\"380\" src=\"https:\/\/www.schwarzwald-gastro.de\/wp-content\/uploads\/2019\/11\/IMG_1390-500x380.jpg\" class=\"attachment-portfolio_slider size-portfolio_slider wp-post-image\" alt=\"\" decoding=\"async\" loading=\"lazy\" \/><\/a><\/span><div class='hover_feature_holder'><div class=\"hover_feature_holder_outer\"><div class=\"hover_feature_holder_inner\"><h3 itemprop=\"name\" class=\"portfolio_title entry_title\"><a itemprop=\"url\" href=\"https:\/\/www.schwarzwald-gastro.de\/?portfolio_page=dorfschmiede\" target=\"_self\">Dorfschmiede<\/a><\/h3><span class=\"separator small\"><\/span><div class=\"project_category\">H\u00f6chenschwand<\/div><a itemprop=\"url\" href=\"https:\/\/www.schwarzwald-gastro.de\/?portfolio_page=dorfschmiede\" target=\"_self\" class=\"qbutton white small\">Mehr<\/a><\/div><\/div><\/div><\/div><\/li><li class='item'><div class='image_holder'><span class='image'><span class='image_pixel_hover'><\/span><a itemprop='url' href='https:\/\/www.schwarzwald-gastro.de\/?portfolio_page=gasthaus-zum-kranz' target='_self'><img width=\"500\" height=\"380\" src=\"https:\/\/www.schwarzwald-gastro.de\/wp-content\/uploads\/2019\/11\/IMG_6547-500x380.jpg\" class=\"attachment-portfolio_slider size-portfolio_slider wp-post-image\" alt=\"\" decoding=\"async\" loading=\"lazy\" \/><\/a><\/span><div class='hover_feature_holder'><div class=\"hover_feature_holder_outer\"><div class=\"hover_feature_holder_inner\"><h3 itemprop=\"name\" class=\"portfolio_title entry_title\"><a itemprop=\"url\" href=\"https:\/\/www.schwarzwald-gastro.de\/?portfolio_page=gasthaus-zum-kranz\" target=\"_self\">Gasthaus zum Kranz<\/a><\/h3><span class=\"separator small\"><\/span><div class=\"project_category\">Bonndorf<\/div><a itemprop=\"url\" href=\"https:\/\/www.schwarzwald-gastro.de\/?portfolio_page=gasthaus-zum-kranz\" target=\"_self\" class=\"qbutton white small\">Mehr<\/a><\/div><\/div><\/div><\/div><\/li><li class='item'><div class='image_holder'><span class='image'><span class='image_pixel_hover'><\/span><a itemprop='url' href='https:\/\/www.schwarzwald-gastro.de\/?portfolio_page=gasthaus-kranz' target='_self'><img width=\"500\" height=\"380\" src=\"https:\/\/www.schwarzwald-gastro.de\/wp-content\/uploads\/2019\/11\/Restaur_02-500x380.jpg\" class=\"attachment-portfolio_slider size-portfolio_slider wp-post-image\" alt=\"\" decoding=\"async\" loading=\"lazy\" \/><\/a><\/span><div class='hover_feature_holder'><div class=\"hover_feature_holder_outer\"><div class=\"hover_feature_holder_inner\"><h3 itemprop=\"name\" class=\"portfolio_title entry_title\"><a itemprop=\"url\" href=\"https:\/\/www.schwarzwald-gastro.de\/?portfolio_page=gasthaus-kranz\" target=\"_self\">Gasthaus Kranz<\/a><\/h3><span class=\"separator small\"><\/span><div class=\"project_category\">St\u00fchlingen<\/div><a itemprop=\"url\" href=\"https:\/\/www.schwarzwald-gastro.de\/?portfolio_page=gasthaus-kranz\" target=\"_self\" class=\"qbutton white small\">Mehr<\/a><\/div><\/div><\/div><\/div><\/li><li class='item'><div class='image_holder'><span class='image'><span class='image_pixel_hover'><\/span><a itemprop='url' href='https:\/\/www.schwarzwald-gastro.de\/?portfolio_page=cafe-restaurant-waldschenke' target='_self'><img width=\"500\" height=\"380\" src=\"https:\/\/www.schwarzwald-gastro.de\/wp-content\/uploads\/2019\/11\/MG_0951-500x380.jpg\" class=\"attachment-portfolio_slider size-portfolio_slider wp-post-image\" alt=\"\" decoding=\"async\" loading=\"lazy\" \/><\/a><\/span><div class='hover_feature_holder'><div class=\"hover_feature_holder_outer\"><div class=\"hover_feature_holder_inner\"><h3 itemprop=\"name\" class=\"portfolio_title entry_title\"><a itemprop=\"url\" href=\"https:\/\/www.schwarzwald-gastro.de\/?portfolio_page=cafe-restaurant-waldschenke\" target=\"_self\">Caf\u00e9 Restaurant Waldschenke<\/a><\/h3><span class=\"separator small\"><\/span><div class=\"project_category\">\u00dchlingen Birkendorf<\/div><a itemprop=\"url\" href=\"https:\/\/www.schwarzwald-gastro.de\/?portfolio_page=cafe-restaurant-waldschenke\" target=\"_self\" class=\"qbutton white small\">Mehr<\/a><\/div><\/div><\/div><\/div><\/li><li class='item'><div class='image_holder'><span class='image'><span class='image_pixel_hover'><\/span><a itemprop='url' href='https:\/\/www.schwarzwald-gastro.de\/?portfolio_page=hopfenstadl' target='_self'><img width=\"500\" height=\"380\" src=\"https:\/\/www.schwarzwald-gastro.de\/wp-content\/uploads\/2019\/11\/hopfenstadel-waldshut-tiengen-1024x685-2-500x380.jpg\" class=\"attachment-portfolio_slider size-portfolio_slider wp-post-image\" alt=\"\" decoding=\"async\" loading=\"lazy\" \/><\/a><\/span><div class='hover_feature_holder'><div class=\"hover_feature_holder_outer\"><div class=\"hover_feature_holder_inner\"><h3 itemprop=\"name\" class=\"portfolio_title entry_title\"><a itemprop=\"url\" href=\"https:\/\/www.schwarzwald-gastro.de\/?portfolio_page=hopfenstadl\" target=\"_self\">Hopfenstad&#8217;l<\/a><\/h3><span class=\"separator small\"><\/span><div class=\"project_category\">Waldshut Tiengen<\/div><a itemprop=\"url\" href=\"https:\/\/www.schwarzwald-gastro.de\/?portfolio_page=hopfenstadl\" target=\"_self\" class=\"qbutton white small\">Mehr<\/a><\/div><\/div><\/div><\/div><\/li><li class='item'><div class='image_holder'><span class='image'><span class='image_pixel_hover'><\/span><a itemprop='url' href='https:\/\/www.schwarzwald-gastro.de\/?portfolio_page=gasthaus-zum-hirschen-3' target='_self'><img width=\"339\" height=\"263\" src=\"https:\/\/www.schwarzwald-gastro.de\/wp-content\/uploads\/2019\/11\/Gasthaus-Front.png\" class=\"attachment-portfolio_slider size-portfolio_slider wp-post-image\" alt=\"\" decoding=\"async\" loading=\"lazy\" srcset=\"https:\/\/www.schwarzwald-gastro.de\/wp-content\/uploads\/2019\/11\/Gasthaus-Front.png 339w, https:\/\/www.schwarzwald-gastro.de\/wp-content\/uploads\/2019\/11\/Gasthaus-Front-300x233.png 300w\" sizes=\"(max-width: 339px) 100vw, 339px\" \/><\/a><\/span><div class='hover_feature_holder'><div class=\"hover_feature_holder_outer\"><div class=\"hover_feature_holder_inner\"><h3 itemprop=\"name\" class=\"portfolio_title entry_title\"><a itemprop=\"url\" href=\"https:\/\/www.schwarzwald-gastro.de\/?portfolio_page=gasthaus-zum-hirschen-3\" target=\"_self\">Gasthaus zum Hirschen<\/a><\/h3><span class=\"separator small\"><\/span><div class=\"project_category\">Grafenhausen<\/div><a itemprop=\"url\" href=\"https:\/\/www.schwarzwald-gastro.de\/?portfolio_page=gasthaus-zum-hirschen-3\" target=\"_self\" class=\"qbutton white small\">Mehr<\/a><\/div><\/div><\/div><\/div><\/li><li class='item'><div class='image_holder'><span class='image'><span class='image_pixel_hover'><\/span><a itemprop='url' href='https:\/\/www.schwarzwald-gastro.de\/?portfolio_page=landgasthof-hirschen' target='_self'><img width=\"500\" height=\"380\" src=\"https:\/\/www.schwarzwald-gastro.de\/wp-content\/uploads\/2019\/11\/DSC_0604-500x380.jpg\" class=\"attachment-portfolio_slider size-portfolio_slider wp-post-image\" alt=\"\" decoding=\"async\" loading=\"lazy\" \/><\/a><\/span><div class='hover_feature_holder'><div class=\"hover_feature_holder_outer\"><div class=\"hover_feature_holder_inner\"><h3 itemprop=\"name\" class=\"portfolio_title entry_title\"><a itemprop=\"url\" href=\"https:\/\/www.schwarzwald-gastro.de\/?portfolio_page=landgasthof-hirschen\" target=\"_self\">Landgasthof Hirschen<\/a><\/h3><span class=\"separator small\"><\/span><div class=\"project_category\">\u00dchlingen Birkendorf<\/div><a itemprop=\"url\" href=\"https:\/\/www.schwarzwald-gastro.de\/?portfolio_page=landgasthof-hirschen\" target=\"_self\" class=\"qbutton white small\">Mehr<\/a><\/div><\/div><\/div><\/div><\/li><li class='item'><div class='image_holder'><span class='image'><span class='image_pixel_hover'><\/span><a itemprop='url' href='https:\/\/www.schwarzwald-gastro.de\/?portfolio_page=gasthaus-mittlere-alp' target='_self'><img width=\"500\" height=\"357\" src=\"https:\/\/www.schwarzwald-gastro.de\/wp-content\/uploads\/2019\/11\/emotionheader-500x357.jpg\" class=\"attachment-portfolio_slider size-portfolio_slider wp-post-image\" alt=\"\" decoding=\"async\" loading=\"lazy\" \/><\/a><\/span><div class='hover_feature_holder'><div class=\"hover_feature_holder_outer\"><div class=\"hover_feature_holder_inner\"><h3 itemprop=\"name\" class=\"portfolio_title entry_title\"><a itemprop=\"url\" href=\"https:\/\/www.schwarzwald-gastro.de\/?portfolio_page=gasthaus-mittlere-alp\" target=\"_self\">Gasthaus Mittlere Alp<\/a><\/h3><span class=\"separator small\"><\/span><div class=\"project_category\">St\u00fchlingen<\/div><a itemprop=\"url\" href=\"https:\/\/www.schwarzwald-gastro.de\/?portfolio_page=gasthaus-mittlere-alp\" target=\"_self\" class=\"qbutton white small\">Mehr<\/a><\/div><\/div><\/div><\/div><\/li><li class='item'><div class='image_holder'><span class='image'><span class='image_pixel_hover'><\/span><a itemprop='url' href='https:\/\/www.schwarzwald-gastro.de\/?portfolio_page=kaffeehaus-konditorei-ratsstueble' target='_self'><img width=\"500\" height=\"380\" src=\"https:\/\/www.schwarzwald-gastro.de\/wp-content\/uploads\/2019\/11\/Banner_Kontakt_01-500x380.jpg\" class=\"attachment-portfolio_slider size-portfolio_slider wp-post-image\" alt=\"\" decoding=\"async\" loading=\"lazy\" \/><\/a><\/span><div class='hover_feature_holder'><div class=\"hover_feature_holder_outer\"><div class=\"hover_feature_holder_inner\"><h3 itemprop=\"name\" class=\"portfolio_title entry_title\"><a itemprop=\"url\" href=\"https:\/\/www.schwarzwald-gastro.de\/?portfolio_page=kaffeehaus-konditorei-ratsstueble\" target=\"_self\">Kaffeehaus Konditorei Ratsst\u00fcble<\/a><\/h3><span class=\"separator small\"><\/span><div class=\"project_category\">Waldshut Tiengen<\/div><a itemprop=\"url\" href=\"https:\/\/www.schwarzwald-gastro.de\/?portfolio_page=kaffeehaus-konditorei-ratsstueble\" target=\"_self\" class=\"qbutton white small\">Mehr<\/a><\/div><\/div><\/div><\/div><\/li><li class='item'><div class='image_holder'><span class='image'><span class='image_pixel_hover'><\/span><a itemprop='url' href='https:\/\/www.schwarzwald-gastro.de\/?portfolio_page=brauerei-walter' target='_self'><img width=\"500\" height=\"380\" src=\"https:\/\/www.schwarzwald-gastro.de\/wp-content\/uploads\/2019\/11\/aussenAnsicht1-500x380.jpg\" class=\"attachment-portfolio_slider size-portfolio_slider wp-post-image\" alt=\"\" decoding=\"async\" loading=\"lazy\" \/><\/a><\/span><div class='hover_feature_holder'><div class=\"hover_feature_holder_outer\"><div class=\"hover_feature_holder_inner\"><h3 itemprop=\"name\" class=\"portfolio_title entry_title\"><a itemprop=\"url\" href=\"https:\/\/www.schwarzwald-gastro.de\/?portfolio_page=brauerei-walter\" target=\"_self\">Brauerei Walter<\/a><\/h3><span class=\"separator small\"><\/span><div class=\"project_category\">Waldshut Tiengen<\/div><a itemprop=\"url\" href=\"https:\/\/www.schwarzwald-gastro.de\/?portfolio_page=brauerei-walter\" target=\"_self\" class=\"qbutton white small\">Mehr<\/a><\/div><\/div><\/div><\/div><\/li><li class='item'><div class='image_holder'><span class='image'><span class='image_pixel_hover'><\/span><a itemprop='url' href='https:\/\/www.schwarzwald-gastro.de\/?portfolio_page=cafe-annele' target='_self'><img width=\"500\" height=\"380\" src=\"https:\/\/www.schwarzwald-gastro.de\/wp-content\/uploads\/2019\/11\/4105-500x380.jpg\" class=\"attachment-portfolio_slider size-portfolio_slider wp-post-image\" alt=\"\" decoding=\"async\" loading=\"lazy\" \/><\/a><\/span><div class='hover_feature_holder'><div class=\"hover_feature_holder_outer\"><div class=\"hover_feature_holder_inner\"><h3 itemprop=\"name\" class=\"portfolio_title entry_title\"><a itemprop=\"url\" href=\"https:\/\/www.schwarzwald-gastro.de\/?portfolio_page=cafe-annele\" target=\"_self\">Caf\u00e9 Annele<\/a><\/h3><span class=\"separator small\"><\/span><div class=\"project_category\">H\u00f6chenschwand, Weilheim<\/div><a itemprop=\"url\" href=\"https:\/\/www.schwarzwald-gastro.de\/?portfolio_page=cafe-annele\" target=\"_self\" class=\"qbutton white small\">Mehr<\/a><\/div><\/div><\/div><\/div><\/li><li class='item'><div class='image_holder'><span class='image'><span class='image_pixel_hover'><\/span><a itemprop='url' href='https:\/\/www.schwarzwald-gastro.de\/?portfolio_page=hotel-restaurant-cafe-naegele' target='_self'><img width=\"500\" height=\"380\" src=\"https:\/\/www.schwarzwald-gastro.de\/wp-content\/uploads\/2019\/11\/Aussen_05_23-500x380.jpg\" class=\"attachment-portfolio_slider size-portfolio_slider wp-post-image\" alt=\"\" decoding=\"async\" loading=\"lazy\" \/><\/a><\/span><div class='hover_feature_holder'><div class=\"hover_feature_holder_outer\"><div class=\"hover_feature_holder_inner\"><h3 itemprop=\"name\" class=\"portfolio_title entry_title\"><a itemprop=\"url\" href=\"https:\/\/www.schwarzwald-gastro.de\/?portfolio_page=hotel-restaurant-cafe-naegele\" target=\"_self\">Hotel Restaurant Caf\u00e9 N\u00e4gele<\/a><\/h3><span class=\"separator small\"><\/span><div class=\"project_category\">H\u00f6chenschwand<\/div><a itemprop=\"url\" href=\"https:\/\/www.schwarzwald-gastro.de\/?portfolio_page=hotel-restaurant-cafe-naegele\" target=\"_self\" class=\"qbutton white small\">Mehr<\/a><\/div><\/div><\/div><\/div><\/li><li class='item'><div class='image_holder'><span class='image'><span class='image_pixel_hover'><\/span><a itemprop='url' href='https:\/\/www.schwarzwald-gastro.de\/?portfolio_page=gasthaus-adler-2' target='_self'><img width=\"500\" height=\"380\" src=\"https:\/\/www.schwarzwald-gastro.de\/wp-content\/uploads\/2019\/11\/adler-500x380.jpg\" class=\"attachment-portfolio_slider size-portfolio_slider wp-post-image\" alt=\"\" decoding=\"async\" loading=\"lazy\" \/><\/a><\/span><div class='hover_feature_holder'><div class=\"hover_feature_holder_outer\"><div class=\"hover_feature_holder_inner\"><h3 itemprop=\"name\" class=\"portfolio_title entry_title\"><a itemprop=\"url\" href=\"https:\/\/www.schwarzwald-gastro.de\/?portfolio_page=gasthaus-adler-2\" target=\"_self\">Gasthaus Adler<\/a><\/h3><span class=\"separator small\"><\/span><div class=\"project_category\">Lauchringen<\/div><a itemprop=\"url\" href=\"https:\/\/www.schwarzwald-gastro.de\/?portfolio_page=gasthaus-adler-2\" target=\"_self\" class=\"qbutton white small\">Mehr<\/a><\/div><\/div><\/div><\/div><\/li><li class='item'><div class='image_holder'><span class='image'><span class='image_pixel_hover'><\/span><a itemprop='url' href='https:\/\/www.schwarzwald-gastro.de\/?portfolio_page=gasthaus-kreuz' target='_self'><img width=\"400\" height=\"266\" src=\"https:\/\/www.schwarzwald-gastro.de\/wp-content\/uploads\/2019\/11\/db_Luftbild5.jpg\" class=\"attachment-portfolio_slider size-portfolio_slider wp-post-image\" alt=\"\" decoding=\"async\" loading=\"lazy\" srcset=\"https:\/\/www.schwarzwald-gastro.de\/wp-content\/uploads\/2019\/11\/db_Luftbild5.jpg 400w, https:\/\/www.schwarzwald-gastro.de\/wp-content\/uploads\/2019\/11\/db_Luftbild5-300x200.jpg 300w\" sizes=\"(max-width: 400px) 100vw, 400px\" \/><\/a><\/span><div class='hover_feature_holder'><div class=\"hover_feature_holder_outer\"><div class=\"hover_feature_holder_inner\"><h3 itemprop=\"name\" class=\"portfolio_title entry_title\"><a itemprop=\"url\" href=\"https:\/\/www.schwarzwald-gastro.de\/?portfolio_page=gasthaus-kreuz\" target=\"_self\">Gasthaus Kreuz<\/a><\/h3><span class=\"separator small\"><\/span><div class=\"project_category\">\u00dchlingen Birkendorf<\/div><a itemprop=\"url\" href=\"https:\/\/www.schwarzwald-gastro.de\/?portfolio_page=gasthaus-kreuz\" target=\"_self\" class=\"qbutton white small\">Mehr<\/a><\/div><\/div><\/div><\/div><\/li><li class='item'><div class='image_holder'><span class='image'><span class='image_pixel_hover'><\/span><a itemprop='url' href='https:\/\/www.schwarzwald-gastro.de\/?portfolio_page=gasthaus-deutscher-kaiser' target='_self'><img width=\"500\" height=\"370\" src=\"https:\/\/www.schwarzwald-gastro.de\/wp-content\/uploads\/2019\/11\/pic48-500x370.jpg\" class=\"attachment-portfolio_slider size-portfolio_slider wp-post-image\" alt=\"\" decoding=\"async\" loading=\"lazy\" \/><\/a><\/span><div class='hover_feature_holder'><div class=\"hover_feature_holder_outer\"><div class=\"hover_feature_holder_inner\"><h3 itemprop=\"name\" class=\"portfolio_title entry_title\"><a itemprop=\"url\" href=\"https:\/\/www.schwarzwald-gastro.de\/?portfolio_page=gasthaus-deutscher-kaiser\" target=\"_self\">Gasthaus Deutscher Kaiser<\/a><\/h3><span class=\"separator small\"><\/span><div class=\"project_category\">Lauchringen<\/div><a itemprop=\"url\" href=\"https:\/\/www.schwarzwald-gastro.de\/?portfolio_page=gasthaus-deutscher-kaiser\" target=\"_self\" class=\"qbutton white small\">Mehr<\/a><\/div><\/div><\/div><\/div><\/li><li class='item'><div class='image_holder'><span class='image'><span class='image_pixel_hover'><\/span><a itemprop='url' href='https:\/\/www.schwarzwald-gastro.de\/?portfolio_page=gasthaus-schnookenest' target='_self'><img width=\"500\" height=\"380\" src=\"https:\/\/www.schwarzwald-gastro.de\/wp-content\/uploads\/2019\/11\/4105-500x380.jpg\" class=\"attachment-portfolio_slider size-portfolio_slider wp-post-image\" alt=\"\" decoding=\"async\" loading=\"lazy\" \/><\/a><\/span><div class='hover_feature_holder'><div class=\"hover_feature_holder_outer\"><div class=\"hover_feature_holder_inner\"><h3 itemprop=\"name\" class=\"portfolio_title entry_title\"><a itemprop=\"url\" href=\"https:\/\/www.schwarzwald-gastro.de\/?portfolio_page=gasthaus-schnookenest\" target=\"_self\">Gasthaus Schnookenest<\/a><\/h3><span class=\"separator small\"><\/span><div class=\"project_category\">K\u00fcssaberg<\/div><a itemprop=\"url\" href=\"https:\/\/www.schwarzwald-gastro.de\/?portfolio_page=gasthaus-schnookenest\" target=\"_self\" class=\"qbutton white small\">Mehr<\/a><\/div><\/div><\/div><\/div><\/li><li class='item'><div class='image_holder'><span class='image'><span class='image_pixel_hover'><\/span><a itemprop='url' href='https:\/\/www.schwarzwald-gastro.de\/?portfolio_page=restaurant-zum-kranz-da-angelo-2' target='_self'><img width=\"420\" height=\"281\" src=\"https:\/\/www.schwarzwald-gastro.de\/wp-content\/uploads\/2019\/11\/cache_2415277663.jpg\" class=\"attachment-portfolio_slider size-portfolio_slider wp-post-image\" alt=\"\" decoding=\"async\" loading=\"lazy\" srcset=\"https:\/\/www.schwarzwald-gastro.de\/wp-content\/uploads\/2019\/11\/cache_2415277663.jpg 420w, https:\/\/www.schwarzwald-gastro.de\/wp-content\/uploads\/2019\/11\/cache_2415277663-300x201.jpg 300w\" sizes=\"(max-width: 420px) 100vw, 420px\" \/><\/a><\/span><div class='hover_feature_holder'><div class=\"hover_feature_holder_outer\"><div class=\"hover_feature_holder_inner\"><h3 itemprop=\"name\" class=\"portfolio_title entry_title\"><a itemprop=\"url\" href=\"https:\/\/www.schwarzwald-gastro.de\/?portfolio_page=restaurant-zum-kranz-da-angelo-2\" target=\"_self\">Landgasthof Eichr\u00fcttehof<\/a><\/h3><span class=\"separator small\"><\/span><div class=\"project_category\">G\u00f6rwihl<\/div><a itemprop=\"url\" href=\"https:\/\/www.schwarzwald-gastro.de\/?portfolio_page=restaurant-zum-kranz-da-angelo-2\" target=\"_self\" class=\"qbutton white small\">Mehr<\/a><\/div><\/div><\/div><\/div><\/li><li class='item'><div class='image_holder'><span class='image'><span class='image_pixel_hover'><\/span><a itemprop='url' href='https:\/\/www.schwarzwald-gastro.de\/?portfolio_page=restaurant-zum-kranz-da-angelo' target='_self'><img width=\"500\" height=\"380\" src=\"https:\/\/www.schwarzwald-gastro.de\/wp-content\/uploads\/2019\/11\/image-500x380.jpg\" class=\"attachment-portfolio_slider size-portfolio_slider wp-post-image\" alt=\"\" decoding=\"async\" loading=\"lazy\" \/><\/a><\/span><div class='hover_feature_holder'><div class=\"hover_feature_holder_outer\"><div class=\"hover_feature_holder_inner\"><h3 itemprop=\"name\" class=\"portfolio_title entry_title\"><a itemprop=\"url\" href=\"https:\/\/www.schwarzwald-gastro.de\/?portfolio_page=restaurant-zum-kranz-da-angelo\" target=\"_self\">Restaurant zum Kranz da Angelo<\/a><\/h3><span class=\"separator small\"><\/span><div class=\"project_category\">Klettgau<\/div><a itemprop=\"url\" href=\"https:\/\/www.schwarzwald-gastro.de\/?portfolio_page=restaurant-zum-kranz-da-angelo\" target=\"_self\" class=\"qbutton white small\">Mehr<\/a><\/div><\/div><\/div><\/div><\/li><li class='item'><div class='image_holder'><span class='image'><span class='image_pixel_hover'><\/span><a itemprop='url' href='https:\/\/www.schwarzwald-gastro.de\/?portfolio_page=gasthof-landhotel-wehrhalder-hof' target='_self'><img width=\"500\" height=\"380\" src=\"https:\/\/www.schwarzwald-gastro.de\/wp-content\/uploads\/2019\/11\/1-30-3-im-bild1-9172-500x380.jpg\" class=\"attachment-portfolio_slider size-portfolio_slider wp-post-image\" alt=\"\" decoding=\"async\" loading=\"lazy\" \/><\/a><\/span><div class='hover_feature_holder'><div class=\"hover_feature_holder_outer\"><div class=\"hover_feature_holder_inner\"><h3 itemprop=\"name\" class=\"portfolio_title entry_title\"><a itemprop=\"url\" href=\"https:\/\/www.schwarzwald-gastro.de\/?portfolio_page=gasthof-landhotel-wehrhalder-hof\" target=\"_self\">Gasthof Landhotel Wehrhalder Hof<\/a><\/h3><span class=\"separator small\"><\/span><div class=\"project_category\">Herrischried<\/div><a itemprop=\"url\" href=\"https:\/\/www.schwarzwald-gastro.de\/?portfolio_page=gasthof-landhotel-wehrhalder-hof\" target=\"_self\" class=\"qbutton white small\">Mehr<\/a><\/div><\/div><\/div><\/div><\/li><li class='item'><div class='image_holder'><span class='image'><span class='image_pixel_hover'><\/span><a itemprop='url' href='https:\/\/www.schwarzwald-gastro.de\/?portfolio_page=posthorn' target='_self'><img width=\"500\" height=\"380\" src=\"https:\/\/www.schwarzwald-gastro.de\/wp-content\/uploads\/2019\/11\/posthorn_uehlingen02-g-500x380.jpg\" class=\"attachment-portfolio_slider size-portfolio_slider wp-post-image\" alt=\"\" decoding=\"async\" loading=\"lazy\" \/><\/a><\/span><div class='hover_feature_holder'><div class=\"hover_feature_holder_outer\"><div class=\"hover_feature_holder_inner\"><h3 itemprop=\"name\" class=\"portfolio_title entry_title\"><a itemprop=\"url\" href=\"https:\/\/www.schwarzwald-gastro.de\/?portfolio_page=posthorn\" target=\"_self\">Posthorn<\/a><\/h3><span class=\"separator small\"><\/span><div class=\"project_category\">\u00dchlingen Birkendorf<\/div><a itemprop=\"url\" href=\"https:\/\/www.schwarzwald-gastro.de\/?portfolio_page=posthorn\" target=\"_self\" class=\"qbutton white small\">Mehr<\/a><\/div><\/div><\/div><\/div><\/li><li class='item'><div class='image_holder'><span class='image'><span class='image_pixel_hover'><\/span><a itemprop='url' href='https:\/\/www.schwarzwald-gastro.de\/?portfolio_page=gasthaus-zur-post' target='_self'><img width=\"500\" height=\"380\" src=\"https:\/\/www.schwarzwald-gastro.de\/wp-content\/uploads\/2019\/11\/aussen2014-500x380.jpg\" class=\"attachment-portfolio_slider size-portfolio_slider wp-post-image\" alt=\"\" decoding=\"async\" loading=\"lazy\" \/><\/a><\/span><div class='hover_feature_holder'><div class=\"hover_feature_holder_outer\"><div class=\"hover_feature_holder_inner\"><h3 itemprop=\"name\" class=\"portfolio_title entry_title\"><a itemprop=\"url\" href=\"https:\/\/www.schwarzwald-gastro.de\/?portfolio_page=gasthaus-zur-post\" target=\"_self\">Gasthaus Zur Post<\/a><\/h3><span class=\"separator small\"><\/span><div class=\"project_category\">\u00dchlingen Birkendorf<\/div><a itemprop=\"url\" href=\"https:\/\/www.schwarzwald-gastro.de\/?portfolio_page=gasthaus-zur-post\" target=\"_self\" class=\"qbutton white small\">Mehr<\/a><\/div><\/div><\/div><\/div><\/li><li class='item'><div class='image_holder'><span class='image'><span class='image_pixel_hover'><\/span><a itemprop='url' href='https:\/\/www.schwarzwald-gastro.de\/?portfolio_page=landgasthof-ebner' target='_self'><img width=\"500\" height=\"380\" src=\"https:\/\/www.schwarzwald-gastro.de\/wp-content\/uploads\/2019\/11\/cache_64093821-500x380.jpg\" class=\"attachment-portfolio_slider size-portfolio_slider wp-post-image\" alt=\"\" decoding=\"async\" loading=\"lazy\" \/><\/a><\/span><div class='hover_feature_holder'><div class=\"hover_feature_holder_outer\"><div class=\"hover_feature_holder_inner\"><h3 itemprop=\"name\" class=\"portfolio_title entry_title\"><a itemprop=\"url\" href=\"https:\/\/www.schwarzwald-gastro.de\/?portfolio_page=landgasthof-ebner\" target=\"_self\">Landgasthof Ebner<\/a><\/h3><span class=\"separator small\"><\/span><div class=\"project_category\">Weilheim<\/div><a itemprop=\"url\" href=\"https:\/\/www.schwarzwald-gastro.de\/?portfolio_page=landgasthof-ebner\" target=\"_self\" class=\"qbutton white small\">Mehr<\/a><\/div><\/div><\/div><\/div><\/li><li class='item'><div class='image_holder'><span class='image'><span class='image_pixel_hover'><\/span><a itemprop='url' href='https:\/\/www.schwarzwald-gastro.de\/?portfolio_page=landgasthof-hirschen-birndorf' target='_self'><img width=\"500\" height=\"380\" src=\"https:\/\/www.schwarzwald-gastro.de\/wp-content\/uploads\/2019\/11\/Sicht-von-Garten-hinten-1024x682-500x380.jpg\" class=\"attachment-portfolio_slider size-portfolio_slider wp-post-image\" alt=\"\" decoding=\"async\" loading=\"lazy\" \/><\/a><\/span><div class='hover_feature_holder'><div class=\"hover_feature_holder_outer\"><div class=\"hover_feature_holder_inner\"><h3 itemprop=\"name\" class=\"portfolio_title entry_title\"><a itemprop=\"url\" href=\"https:\/\/www.schwarzwald-gastro.de\/?portfolio_page=landgasthof-hirschen-birndorf\" target=\"_self\">Landgasthof Hirschen Birndorf<\/a><\/h3><span class=\"separator small\"><\/span><div class=\"project_category\">Albbruck<\/div><a itemprop=\"url\" href=\"https:\/\/www.schwarzwald-gastro.de\/?portfolio_page=landgasthof-hirschen-birndorf\" target=\"_self\" class=\"qbutton white small\">Mehr<\/a><\/div><\/div><\/div><\/div><\/li><li class='item'><div class='image_holder'><span class='image'><span class='image_pixel_hover'><\/span><a itemprop='url' href='https:\/\/www.schwarzwald-gastro.de\/?portfolio_page=restaurant-zum-bahnhof' target='_self'><img width=\"500\" height=\"380\" src=\"https:\/\/www.schwarzwald-gastro.de\/wp-content\/uploads\/2019\/11\/cache_2478672776-500x380.jpg\" class=\"attachment-portfolio_slider size-portfolio_slider wp-post-image\" alt=\"\" decoding=\"async\" loading=\"lazy\" \/><\/a><\/span><div class='hover_feature_holder'><div class=\"hover_feature_holder_outer\"><div class=\"hover_feature_holder_inner\"><h3 itemprop=\"name\" class=\"portfolio_title entry_title\"><a itemprop=\"url\" href=\"https:\/\/www.schwarzwald-gastro.de\/?portfolio_page=restaurant-zum-bahnhof\" target=\"_self\">Restaurant zum Bahnhof<\/a><\/h3><span class=\"separator small\"><\/span><div class=\"project_category\">Lottstetten<\/div><a itemprop=\"url\" href=\"https:\/\/www.schwarzwald-gastro.de\/?portfolio_page=restaurant-zum-bahnhof\" target=\"_self\" class=\"qbutton white small\">Mehr<\/a><\/div><\/div><\/div><\/div><\/li><li class='item'><div class='image_holder'><span class='image'><span class='image_pixel_hover'><\/span><a itemprop='url' href='https:\/\/www.schwarzwald-gastro.de\/?portfolio_page=cafe-dorn' target='_self'><img width=\"500\" height=\"380\" src=\"https:\/\/www.schwarzwald-gastro.de\/wp-content\/uploads\/2019\/11\/startseite-1-500x380.jpg\" class=\"attachment-portfolio_slider size-portfolio_slider wp-post-image\" alt=\"\" decoding=\"async\" loading=\"lazy\" \/><\/a><\/span><div class='hover_feature_holder'><div class=\"hover_feature_holder_outer\"><div class=\"hover_feature_holder_inner\"><h3 itemprop=\"name\" class=\"portfolio_title entry_title\"><a itemprop=\"url\" href=\"https:\/\/www.schwarzwald-gastro.de\/?portfolio_page=cafe-dorn\" target=\"_self\">Caf\u00e9 Dorn<\/a><\/h3><span class=\"separator small\"><\/span><div class=\"project_category\">Lauchringen<\/div><a itemprop=\"url\" href=\"https:\/\/www.schwarzwald-gastro.de\/?portfolio_page=cafe-dorn\" target=\"_self\" class=\"qbutton white small\">Mehr<\/a><\/div><\/div><\/div><\/div><\/li><li class='item'><div class='image_holder'><span class='image'><span class='image_pixel_hover'><\/span><a itemprop='url' href='https:\/\/www.schwarzwald-gastro.de\/?portfolio_page=restaurant-doerflinger' target='_self'><img width=\"500\" height=\"380\" src=\"https:\/\/www.schwarzwald-gastro.de\/wp-content\/uploads\/2019\/11\/4105-500x380.jpg\" class=\"attachment-portfolio_slider size-portfolio_slider wp-post-image\" alt=\"\" decoding=\"async\" loading=\"lazy\" \/><\/a><\/span><div class='hover_feature_holder'><div class=\"hover_feature_holder_outer\"><div class=\"hover_feature_holder_inner\"><h3 itemprop=\"name\" class=\"portfolio_title entry_title\"><a itemprop=\"url\" href=\"https:\/\/www.schwarzwald-gastro.de\/?portfolio_page=restaurant-doerflinger\" target=\"_self\">Restaurant D\u00f6rflinger<\/a><\/h3><span class=\"separator small\"><\/span><div class=\"project_category\">Lauchringen<\/div><a itemprop=\"url\" href=\"https:\/\/www.schwarzwald-gastro.de\/?portfolio_page=restaurant-doerflinger\" target=\"_self\" class=\"qbutton white small\">Mehr<\/a><\/div><\/div><\/div><\/div><\/li><li class='item'><div class='image_holder'><span class='image'><span class='image_pixel_hover'><\/span><a itemprop='url' href='https:\/\/www.schwarzwald-gastro.de\/?portfolio_page=gasthaus-zum-loewen' target='_self'><img width=\"500\" height=\"380\" src=\"https:\/\/www.schwarzwald-gastro.de\/wp-content\/uploads\/2019\/11\/47494_02-500x380.jpg\" class=\"attachment-portfolio_slider size-portfolio_slider wp-post-image\" alt=\"\" decoding=\"async\" loading=\"lazy\" \/><\/a><\/span><div class='hover_feature_holder'><div class=\"hover_feature_holder_outer\"><div class=\"hover_feature_holder_inner\"><h3 itemprop=\"name\" class=\"portfolio_title entry_title\"><a itemprop=\"url\" href=\"https:\/\/www.schwarzwald-gastro.de\/?portfolio_page=gasthaus-zum-loewen\" target=\"_self\">Gasthaus zum L\u00f6wen<\/a><\/h3><span class=\"separator small\"><\/span><div class=\"project_category\">G\u00f6rwihl<\/div><a itemprop=\"url\" href=\"https:\/\/www.schwarzwald-gastro.de\/?portfolio_page=gasthaus-zum-loewen\" target=\"_self\" class=\"qbutton white small\">Mehr<\/a><\/div><\/div><\/div><\/div><\/li><li class='item'><div class='image_holder'><span class='image'><span class='image_pixel_hover'><\/span><a itemprop='url' href='https:\/\/www.schwarzwald-gastro.de\/?portfolio_page=gasthaus-engel' target='_self'><img width=\"500\" height=\"380\" src=\"https:\/\/www.schwarzwald-gastro.de\/wp-content\/uploads\/2019\/11\/IMG_0328-500x380.jpg\" class=\"attachment-portfolio_slider size-portfolio_slider wp-post-image\" alt=\"\" decoding=\"async\" loading=\"lazy\" \/><\/a><\/span><div class='hover_feature_holder'><div class=\"hover_feature_holder_outer\"><div class=\"hover_feature_holder_inner\"><h3 itemprop=\"name\" class=\"portfolio_title entry_title\"><a itemprop=\"url\" href=\"https:\/\/www.schwarzwald-gastro.de\/?portfolio_page=gasthaus-engel\" target=\"_self\">Gasthaus Engel<\/a><\/h3><span class=\"separator small\"><\/span><div class=\"project_category\">Murg<\/div><a itemprop=\"url\" href=\"https:\/\/www.schwarzwald-gastro.de\/?portfolio_page=gasthaus-engel\" target=\"_self\" class=\"qbutton white small\">Mehr<\/a><\/div><\/div><\/div><\/div><\/li><li class='item'><div class='image_holder'><span class='image'><span class='image_pixel_hover'><\/span><a itemprop='url' href='https:\/\/www.schwarzwald-gastro.de\/?portfolio_page=awocado-hotel-st-fridolin-roemerhof' target='_self'><img width=\"500\" height=\"380\" src=\"https:\/\/www.schwarzwald-gastro.de\/wp-content\/uploads\/2019\/11\/hotel_rheinsberg_abend_01-3-500x380.jpg\" class=\"attachment-portfolio_slider size-portfolio_slider wp-post-image\" alt=\"\" decoding=\"async\" loading=\"lazy\" \/><\/a><\/span><div class='hover_feature_holder'><div class=\"hover_feature_holder_outer\"><div class=\"hover_feature_holder_inner\"><h3 itemprop=\"name\" class=\"portfolio_title entry_title\"><a itemprop=\"url\" href=\"https:\/\/www.schwarzwald-gastro.de\/?portfolio_page=awocado-hotel-st-fridolin-roemerhof\" target=\"_self\">Awocado Hotel St. Fridolin \/ Rheinsberg<\/a><\/h3><span class=\"separator small\"><\/span><div class=\"project_category\">Bad S\u00e4ckingen<\/div><a itemprop=\"url\" href=\"https:\/\/www.schwarzwald-gastro.de\/?portfolio_page=awocado-hotel-st-fridolin-roemerhof\" target=\"_self\" class=\"qbutton white small\">Mehr<\/a><\/div><\/div><\/div><\/div><\/li><li class='item'><div class='image_holder'><span class='image'><span class='image_pixel_hover'><\/span><a itemprop='url' href='https:\/\/www.schwarzwald-gastro.de\/?portfolio_page=hotel-restaurant-sonnenhof-sonnhalde' target='_self'><img width=\"500\" height=\"380\" src=\"https:\/\/www.schwarzwald-gastro.de\/wp-content\/uploads\/2019\/11\/Sonnhalde_Luftbild_01_1800-1-500x380.jpg\" class=\"attachment-portfolio_slider size-portfolio_slider wp-post-image\" alt=\"\" decoding=\"async\" loading=\"lazy\" \/><\/a><\/span><div class='hover_feature_holder'><div class=\"hover_feature_holder_outer\"><div class=\"hover_feature_holder_inner\"><h3 itemprop=\"name\" class=\"portfolio_title entry_title\"><a itemprop=\"url\" href=\"https:\/\/www.schwarzwald-gastro.de\/?portfolio_page=hotel-restaurant-sonnenhof-sonnhalde\" target=\"_self\">Hotel Restaurant Sonnenhof &#038; Sonnhalde<\/a><\/h3><span class=\"separator small\"><\/span><div class=\"project_category\">\u00dchlingen Birkendorf<\/div><a itemprop=\"url\" href=\"https:\/\/www.schwarzwald-gastro.de\/?portfolio_page=hotel-restaurant-sonnenhof-sonnhalde\" target=\"_self\" class=\"qbutton white small\">Mehr<\/a><\/div><\/div><\/div><\/div><\/li><li class='item'><div class='image_holder'><span class='image'><span class='image_pixel_hover'><\/span><a itemprop='url' href='https:\/\/www.schwarzwald-gastro.de\/?portfolio_page=rhein-camping-waldshut' target='_self'><img width=\"500\" height=\"350\" src=\"https:\/\/www.schwarzwald-gastro.de\/wp-content\/uploads\/2019\/11\/rhein-camping-waldshut-wohnmobilpark-restaurant-rheinperle_9-500x350.jpg\" class=\"attachment-portfolio_slider size-portfolio_slider wp-post-image\" alt=\"\" decoding=\"async\" loading=\"lazy\" \/><\/a><\/span><div class='hover_feature_holder'><div class=\"hover_feature_holder_outer\"><div class=\"hover_feature_holder_inner\"><h3 itemprop=\"name\" class=\"portfolio_title entry_title\"><a itemprop=\"url\" href=\"https:\/\/www.schwarzwald-gastro.de\/?portfolio_page=rhein-camping-waldshut\" target=\"_self\">RHEIN-CAMPING Waldshut<\/a><\/h3><span class=\"separator small\"><\/span><div class=\"project_category\">Waldshut Tiengen<\/div><a itemprop=\"url\" href=\"https:\/\/www.schwarzwald-gastro.de\/?portfolio_page=rhein-camping-waldshut\" target=\"_self\" class=\"qbutton white small\">Mehr<\/a><\/div><\/div><\/div><\/div><\/li><li class='item'><div class='image_holder'><span class='image'><span class='image_pixel_hover'><\/span><a itemprop='url' href='https:\/\/www.schwarzwald-gastro.de\/?portfolio_page=gasthof-kuessaburg' target='_self'><img width=\"500\" height=\"380\" src=\"https:\/\/www.schwarzwald-gastro.de\/wp-content\/uploads\/2019\/11\/gasthof-kussaburg-500x380.jpg\" class=\"attachment-portfolio_slider size-portfolio_slider wp-post-image\" alt=\"\" decoding=\"async\" loading=\"lazy\" \/><\/a><\/span><div class='hover_feature_holder'><div class=\"hover_feature_holder_outer\"><div class=\"hover_feature_holder_inner\"><h3 itemprop=\"name\" class=\"portfolio_title entry_title\"><a itemprop=\"url\" href=\"https:\/\/www.schwarzwald-gastro.de\/?portfolio_page=gasthof-kuessaburg\" target=\"_self\">Gasthof K\u00fcssaburg<\/a><\/h3><span class=\"separator small\"><\/span><div class=\"project_category\">K\u00fcssaberg<\/div><a itemprop=\"url\" href=\"https:\/\/www.schwarzwald-gastro.de\/?portfolio_page=gasthof-kuessaburg\" target=\"_self\" class=\"qbutton white small\">Mehr<\/a><\/div><\/div><\/div><\/div><\/li><li class='item'><div class='image_holder'><span class='image'><span class='image_pixel_hover'><\/span><a itemprop='url' href='https:\/\/www.schwarzwald-gastro.de\/?portfolio_page=wellnesshotel-bercher' target='_self'><img width=\"500\" height=\"380\" src=\"https:\/\/www.schwarzwald-gastro.de\/wp-content\/uploads\/2019\/11\/Au\u00dfenansicht-Hotel-Bercher-500x380.jpg\" class=\"attachment-portfolio_slider size-portfolio_slider wp-post-image\" alt=\"\" decoding=\"async\" loading=\"lazy\" srcset=\"https:\/\/www.schwarzwald-gastro.de\/wp-content\/uploads\/2019\/11\/Au\u00dfenansicht-Hotel-Bercher-500x380.jpg 500w, https:\/\/www.schwarzwald-gastro.de\/wp-content\/uploads\/2019\/11\/Au\u00dfenansicht-Hotel-Bercher-300x229.jpg 300w, https:\/\/www.schwarzwald-gastro.de\/wp-content\/uploads\/2019\/11\/Au\u00dfenansicht-Hotel-Bercher-1024x780.jpg 1024w, https:\/\/www.schwarzwald-gastro.de\/wp-content\/uploads\/2019\/11\/Au\u00dfenansicht-Hotel-Bercher-768x585.jpg 768w, https:\/\/www.schwarzwald-gastro.de\/wp-content\/uploads\/2019\/11\/Au\u00dfenansicht-Hotel-Bercher-700x533.jpg 700w, https:\/\/www.schwarzwald-gastro.de\/wp-content\/uploads\/2019\/11\/Au\u00dfenansicht-Hotel-Bercher.jpg 1160w\" sizes=\"(max-width: 500px) 100vw, 500px\" \/><\/a><\/span><div class='hover_feature_holder'><div class=\"hover_feature_holder_outer\"><div class=\"hover_feature_holder_inner\"><h3 itemprop=\"name\" class=\"portfolio_title entry_title\"><a itemprop=\"url\" href=\"https:\/\/www.schwarzwald-gastro.de\/?portfolio_page=wellnesshotel-bercher\" target=\"_self\">Wellnesshotel Bercher<\/a><\/h3><span class=\"separator small\"><\/span><div class=\"project_category\">Waldshut Tiengen<\/div><a itemprop=\"url\" href=\"https:\/\/www.schwarzwald-gastro.de\/?portfolio_page=wellnesshotel-bercher\" target=\"_self\" class=\"qbutton white small\">Mehr<\/a><\/div><\/div><\/div><\/div><\/li><li class='item'><div class='image_holder'><span class='image'><span class='image_pixel_hover'><\/span><a itemprop='url' href='https:\/\/www.schwarzwald-gastro.de\/?portfolio_page=gasthof-kranz' target='_self'><img width=\"362\" height=\"242\" src=\"https:\/\/www.schwarzwald-gastro.de\/wp-content\/uploads\/2019\/11\/Bildstart.jpg\" class=\"attachment-portfolio_slider size-portfolio_slider wp-post-image\" alt=\"\" decoding=\"async\" loading=\"lazy\" srcset=\"https:\/\/www.schwarzwald-gastro.de\/wp-content\/uploads\/2019\/11\/Bildstart.jpg 362w, https:\/\/www.schwarzwald-gastro.de\/wp-content\/uploads\/2019\/11\/Bildstart-300x201.jpg 300w\" sizes=\"(max-width: 362px) 100vw, 362px\" \/><\/a><\/span><div class='hover_feature_holder'><div class=\"hover_feature_holder_outer\"><div class=\"hover_feature_holder_inner\"><h3 itemprop=\"name\" class=\"portfolio_title entry_title\"><a itemprop=\"url\" href=\"https:\/\/www.schwarzwald-gastro.de\/?portfolio_page=gasthof-kranz\" target=\"_self\">Gasthof Kranz<\/a><\/h3><span class=\"separator small\"><\/span><div class=\"project_category\">Weilheim<\/div><a itemprop=\"url\" href=\"https:\/\/www.schwarzwald-gastro.de\/?portfolio_page=gasthof-kranz\" target=\"_self\" class=\"qbutton white small\">Mehr<\/a><\/div><\/div><\/div><\/div><\/li><li class='item'><div class='image_holder'><span class='image'><span class='image_pixel_hover'><\/span><a itemprop='url' href='https:\/\/www.schwarzwald-gastro.de\/?portfolio_page=hotel-gasthof-tannenmuehle' target='_self'><img width=\"500\" height=\"380\" src=\"https:\/\/www.schwarzwald-gastro.de\/wp-content\/uploads\/2019\/11\/tannenmuehle-terrasse-1@2x-500x380.jpeg\" class=\"attachment-portfolio_slider size-portfolio_slider wp-post-image\" alt=\"\" decoding=\"async\" loading=\"lazy\" \/><\/a><\/span><div class='hover_feature_holder'><div class=\"hover_feature_holder_outer\"><div class=\"hover_feature_holder_inner\"><h3 itemprop=\"name\" class=\"portfolio_title entry_title\"><a itemprop=\"url\" href=\"https:\/\/www.schwarzwald-gastro.de\/?portfolio_page=hotel-gasthof-tannenmuehle\" target=\"_self\">Hotel &#038; Gasthof Tannenm\u00fchle<\/a><\/h3><span class=\"separator small\"><\/span><div class=\"project_category\">Grafenhausen<\/div><a itemprop=\"url\" href=\"https:\/\/www.schwarzwald-gastro.de\/?portfolio_page=hotel-gasthof-tannenmuehle\" target=\"_self\" class=\"qbutton white small\">Mehr<\/a><\/div><\/div><\/div><\/div><\/li><li class='item'><div class='image_holder'><span class='image'><span class='image_pixel_hover'><\/span><a itemprop='url' href='https:\/\/www.schwarzwald-gastro.de\/?portfolio_page=hotel-restaurant-alte-post-uehlingen' target='_self'><img width=\"500\" height=\"380\" src=\"https:\/\/www.schwarzwald-gastro.de\/wp-content\/uploads\/2019\/11\/Exterior-500x380.jpg\" class=\"attachment-portfolio_slider size-portfolio_slider wp-post-image\" alt=\"\" decoding=\"async\" loading=\"lazy\" \/><\/a><\/span><div class='hover_feature_holder'><div class=\"hover_feature_holder_outer\"><div class=\"hover_feature_holder_inner\"><h3 itemprop=\"name\" class=\"portfolio_title entry_title\"><a itemprop=\"url\" href=\"https:\/\/www.schwarzwald-gastro.de\/?portfolio_page=hotel-restaurant-alte-post-uehlingen\" target=\"_self\">Hotel Restaurant Alte Post \u00dchlingen<\/a><\/h3><span class=\"separator small\"><\/span><div class=\"project_category\">\u00dchlingen Birkendorf<\/div><a itemprop=\"url\" href=\"https:\/\/www.schwarzwald-gastro.de\/?portfolio_page=hotel-restaurant-alte-post-uehlingen\" target=\"_self\" class=\"qbutton white small\">Mehr<\/a><\/div><\/div><\/div><\/div><\/li><li class='item'><div class='image_holder'><span class='image'><span class='image_pixel_hover'><\/span><a itemprop='url' href='https:\/\/www.schwarzwald-gastro.de\/?portfolio_page=landgasthaus-zum-schwanen' target='_self'><img width=\"500\" height=\"380\" src=\"https:\/\/www.schwarzwald-gastro.de\/wp-content\/uploads\/2019\/11\/schwanen_sommer-500x380.jpg\" class=\"attachment-portfolio_slider size-portfolio_slider wp-post-image\" alt=\"\" decoding=\"async\" loading=\"lazy\" \/><\/a><\/span><div class='hover_feature_holder'><div class=\"hover_feature_holder_outer\"><div class=\"hover_feature_holder_inner\"><h3 itemprop=\"name\" class=\"portfolio_title entry_title\"><a itemprop=\"url\" href=\"https:\/\/www.schwarzwald-gastro.de\/?portfolio_page=landgasthaus-zum-schwanen\" target=\"_self\">Landgasthaus Zum Schwanen<\/a><\/h3><span class=\"separator small\"><\/span><div class=\"project_category\">\u00dchlingen Birkendorf<\/div><a itemprop=\"url\" href=\"https:\/\/www.schwarzwald-gastro.de\/?portfolio_page=landgasthaus-zum-schwanen\" target=\"_self\" class=\"qbutton white small\">Mehr<\/a><\/div><\/div><\/div><\/div><\/li><li class='item'><div class='image_holder'><span class='image'><span class='image_pixel_hover'><\/span><a itemprop='url' href='https:\/\/www.schwarzwald-gastro.de\/?portfolio_page=gasthof-loewen-aichen' target='_self'><img width=\"500\" height=\"380\" src=\"https:\/\/www.schwarzwald-gastro.de\/wp-content\/uploads\/2019\/11\/au\u00dfenansicht_loewen-500x380.jpg\" class=\"attachment-portfolio_slider size-portfolio_slider wp-post-image\" alt=\"\" decoding=\"async\" loading=\"lazy\" \/><\/a><\/span><div class='hover_feature_holder'><div class=\"hover_feature_holder_outer\"><div class=\"hover_feature_holder_inner\"><h3 itemprop=\"name\" class=\"portfolio_title entry_title\"><a itemprop=\"url\" href=\"https:\/\/www.schwarzwald-gastro.de\/?portfolio_page=gasthof-loewen-aichen\" target=\"_self\">Gasthof L\u00f6wen Aichen<\/a><\/h3><span class=\"separator small\"><\/span><div class=\"project_category\">Waldshut Tiengen<\/div><a itemprop=\"url\" href=\"https:\/\/www.schwarzwald-gastro.de\/?portfolio_page=gasthof-loewen-aichen\" target=\"_self\" class=\"qbutton white small\">Mehr<\/a><\/div><\/div><\/div><\/div><\/li><li class='item'><div class='image_holder'><span class='image'><span class='image_pixel_hover'><\/span><a itemprop='url' href='https:\/\/www.schwarzwald-gastro.de\/?portfolio_page=landgasthof-kranz' target='_self'><img width=\"500\" height=\"380\" src=\"https:\/\/www.schwarzwald-gastro.de\/wp-content\/uploads\/2019\/11\/703_6271_kranz-500x380.jpg\" class=\"attachment-portfolio_slider size-portfolio_slider wp-post-image\" alt=\"\" decoding=\"async\" loading=\"lazy\" \/><\/a><\/span><div class='hover_feature_holder'><div class=\"hover_feature_holder_outer\"><div class=\"hover_feature_holder_inner\"><h3 itemprop=\"name\" class=\"portfolio_title entry_title\"><a itemprop=\"url\" href=\"https:\/\/www.schwarzwald-gastro.de\/?portfolio_page=landgasthof-kranz\" target=\"_self\">Landgasthof Kranz<\/a><\/h3><span class=\"separator small\"><\/span><div class=\"project_category\">Albbruck<\/div><a itemprop=\"url\" href=\"https:\/\/www.schwarzwald-gastro.de\/?portfolio_page=landgasthof-kranz\" target=\"_self\" class=\"qbutton white small\">Mehr<\/a><\/div><\/div><\/div><\/div><\/li><li class='item'><div class='image_holder'><span class='image'><span class='image_pixel_hover'><\/span><a itemprop='url' href='https:\/\/www.schwarzwald-gastro.de\/?portfolio_page=gasthaus-zum-hirschen-2' target='_self'><img width=\"500\" height=\"369\" src=\"https:\/\/www.schwarzwald-gastro.de\/wp-content\/uploads\/2019\/11\/stetten-500x369.jpg\" class=\"attachment-portfolio_slider size-portfolio_slider wp-post-image\" alt=\"\" decoding=\"async\" loading=\"lazy\" \/><\/a><\/span><div class='hover_feature_holder'><div class=\"hover_feature_holder_outer\"><div class=\"hover_feature_holder_inner\"><h3 itemprop=\"name\" class=\"portfolio_title entry_title\"><a itemprop=\"url\" href=\"https:\/\/www.schwarzwald-gastro.de\/?portfolio_page=gasthaus-zum-hirschen-2\" target=\"_self\">Gasthaus zum Hirschen<\/a><\/h3><span class=\"separator small\"><\/span><div class=\"project_category\">Hohentengen<\/div><a itemprop=\"url\" href=\"https:\/\/www.schwarzwald-gastro.de\/?portfolio_page=gasthaus-zum-hirschen-2\" target=\"_self\" class=\"qbutton white small\">Mehr<\/a><\/div><\/div><\/div><\/div><\/li><li class='item'><div class='image_holder'><span class='image'><span class='image_pixel_hover'><\/span><a itemprop='url' href='https:\/\/www.schwarzwald-gastro.de\/?portfolio_page=gasthaus-zum-hirschen' target='_self'><img width=\"500\" height=\"380\" src=\"https:\/\/www.schwarzwald-gastro.de\/wp-content\/uploads\/2019\/08\/Familie-Albiez-Eingang-DSC_3643_klein-500x380.jpg\" class=\"attachment-portfolio_slider size-portfolio_slider wp-post-image\" alt=\"\" decoding=\"async\" loading=\"lazy\" \/><\/a><\/span><div class='hover_feature_holder'><div class=\"hover_feature_holder_outer\"><div class=\"hover_feature_holder_inner\"><h3 itemprop=\"name\" class=\"portfolio_title entry_title\"><a itemprop=\"url\" href=\"https:\/\/www.schwarzwald-gastro.de\/?portfolio_page=gasthaus-zum-hirschen\" target=\"_self\">Gasthaus zum Hirschen<\/a><\/h3><span class=\"separator small\"><\/span><div class=\"project_category\">Dogern<\/div><a itemprop=\"url\" href=\"https:\/\/www.schwarzwald-gastro.de\/?portfolio_page=gasthaus-zum-hirschen\" target=\"_self\" class=\"qbutton white small\">Mehr<\/a><\/div><\/div><\/div><\/div><\/li><li class='item'><div class='image_holder'><span class='image'><span class='image_pixel_hover'><\/span><a itemprop='url' href='https:\/\/www.schwarzwald-gastro.de\/?portfolio_page=gasthaus-adler' target='_self'><img width=\"284\" height=\"213\" src=\"https:\/\/www.schwarzwald-gastro.de\/wp-content\/uploads\/2019\/08\/1001806table50.jpg\" class=\"attachment-portfolio_slider size-portfolio_slider wp-post-image\" alt=\"\" decoding=\"async\" loading=\"lazy\" \/><\/a><\/span><div class='hover_feature_holder'><div class=\"hover_feature_holder_outer\"><div class=\"hover_feature_holder_inner\"><h3 itemprop=\"name\" class=\"portfolio_title entry_title\"><a itemprop=\"url\" href=\"https:\/\/www.schwarzwald-gastro.de\/?portfolio_page=gasthaus-adler\" target=\"_self\">Gasthaus Adler<\/a><\/h3><span class=\"separator small\"><\/span><div class=\"project_category\">Wut\u00f6schingen<\/div><a itemprop=\"url\" href=\"https:\/\/www.schwarzwald-gastro.de\/?portfolio_page=gasthaus-adler\" target=\"_self\" class=\"qbutton white small\">Mehr<\/a><\/div><\/div><\/div><\/div><\/li><li class='item'><div class='image_holder'><span class='image'><span class='image_pixel_hover'><\/span><a itemprop='url' href='https:\/\/www.schwarzwald-gastro.de\/?portfolio_page=hotel-restaurant-zur-flueh' target='_self'><img width=\"300\" height=\"199\" src=\"https:\/\/www.schwarzwald-gastro.de\/wp-content\/uploads\/2019\/08\/flueh.jpg\" class=\"attachment-portfolio_slider size-portfolio_slider wp-post-image\" alt=\"\" decoding=\"async\" loading=\"lazy\" \/><\/a><\/span><div class='hover_feature_holder'><div class=\"hover_feature_holder_outer\"><div class=\"hover_feature_holder_inner\"><h3 itemprop=\"name\" class=\"portfolio_title entry_title\"><a itemprop=\"url\" href=\"https:\/\/www.schwarzwald-gastro.de\/?portfolio_page=hotel-restaurant-zur-flueh\" target=\"_self\">Hotel-Restaurant Zur Fl\u00fch<\/a><\/h3><span class=\"separator small\"><\/span><div class=\"project_category\">Bad S\u00e4ckingen<\/div><a itemprop=\"url\" href=\"https:\/\/www.schwarzwald-gastro.de\/?portfolio_page=hotel-restaurant-zur-flueh\" target=\"_self\" class=\"qbutton white small\">Mehr<\/a><\/div><\/div><\/div><\/div><\/li><li class='item'><div class='image_holder'><span class='image'><span class='image_pixel_hover'><\/span><a itemprop='url' href='https:\/\/www.schwarzwald-gastro.de\/?portfolio_page=waldhaus' target='_self'><img width=\"500\" height=\"380\" src=\"https:\/\/www.schwarzwald-gastro.de\/wp-content\/uploads\/2017\/08\/gasthof-500x380.jpg\" class=\"attachment-portfolio_slider size-portfolio_slider wp-post-image\" alt=\"\" decoding=\"async\" loading=\"lazy\" \/><\/a><\/span><div class='hover_feature_holder'><div class=\"hover_feature_holder_outer\"><div class=\"hover_feature_holder_inner\"><h3 itemprop=\"name\" class=\"portfolio_title entry_title\"><a itemprop=\"url\" href=\"https:\/\/www.schwarzwald-gastro.de\/?portfolio_page=waldhaus\" target=\"_self\">Brauerei Gasthof Waldhaus<\/a><\/h3><span class=\"separator small\"><\/span><div class=\"project_category\">Weilheim<\/div><a itemprop=\"url\" href=\"https:\/\/www.schwarzwald-gastro.de\/?portfolio_page=waldhaus\" target=\"_self\" class=\"qbutton white small\">Mehr<\/a><\/div><\/div><\/div><\/div><\/li><\/ul><ul class=\"caroufredsel-direction-nav\"><li><a id=\"caroufredsel-prev\" class=\"caroufredsel-prev\" href=\"#\"><div><i class=\"fa fa-angle-left\"><\/i><\/div><\/a><\/li><li><a class=\"caroufredsel-next\" id=\"caroufredsel-next\" href=\"#\"><div><i class=\"fa fa-angle-right\"><\/i><\/div><\/a><\/li><\/ul><\/div><\/div>[\/vc_column][\/vc_row][vc_row css_animation=&#8220;&#8220; row_type=&#8220;row&#8220; use_row_as_full_screen_section=&#8220;no&#8220; type=&#8220;grid&#8220; angled_section=&#8220;no&#8220; text_align=&#8220;left&#8220; background_image_as_pattern=&#8220;without_pattern&#8220; row_negative_margin=&#8220;disable_negative_margin&#8220; css=&#8220;.vc_custom_1504166626397{padding-top: 80px !important;}&#8220;][vc_column][vc_empty_space height=&#8220;12px&#8220;][vc_column_text]<\/p>\n<h3 style=\"text-align: center;\">Ihr Wegweiser f\u00fcr \u00dcbernachtung, feines Essen und vieles mehr\u2026<\/h3>\n<p>[\/vc_column_text][vc_empty_space][vc_column_text]<\/p>\n<h4 style=\"text-align: center;\">Mit gastfreundlichem Gru\u00df hei\u00dfen wir,\u00a0die <strong>Wirtevereinigung S\u00fcdschwarzwald-Hochrhein<\/strong>, Sie auf diesen informativen Seiten herzlich willkommen.<\/h4>\n<h4 style=\"text-align: center;\">Zusammen mit der Kreisstelle Waldshut-Tiengen des Deutschen Hotel- und Gastst\u00e4ttenverbandes pr\u00e4sentieren Ihnen unsere\u00a0inzwischen \u00fcber 150 Mitgliedsbetriebe.<\/h4>\n<p>[\/vc_column_text][vc_empty_space height=&#8220;80&#8243;][\/vc_column][\/vc_row][vc_row css_animation=&#8220;&#8220; row_type=&#8220;row&#8220; use_row_as_full_screen_section=&#8220;no&#8220; type=&#8220;grid&#8220; angled_section=&#8220;no&#8220; text_align=&#8220;left&#8220; background_image_as_pattern=&#8220;without_pattern&#8220; z_index=&#8220;&#8220;][vc_column width=&#8220;1\/4&#8243;][\/vc_column][vc_column width=&#8220;1\/4&#8243;]<span data-type=\"circle\"   class=\"qode_icon_shortcode fa-stack q_font_awsome_icon_stack fa-3x pull-center \" style=\" \"><i class=\"fa fa-circle fa-stack-base fa-stack-2x\" style=\"\"><\/i><i class=\"qodef-icon-dripicons dripicon dripicons-cutlery qode_icon_element fa-stack-1x\" style=\"\" ><\/i><\/span>[\/vc_column][vc_column width=&#8220;1\/4&#8243;]<span data-type=\"circle\"   class=\"qode_icon_shortcode fa-stack q_font_awsome_icon_stack fa-3x pull-center \" style=\" \"><i class=\"fa fa-circle fa-stack-base fa-stack-2x\" style=\"\"><\/i><i class=\"qode_icon_font_awesome fa fa-bed qode_icon_element fa-stack-1x\" style=\"\" ><\/i><\/span>[\/vc_column][vc_column width=&#8220;1\/4&#8243;][\/vc_column][\/vc_row][vc_row css_animation=&#8220;&#8220; row_type=&#8220;row&#8220; use_row_as_full_screen_section=&#8220;no&#8220; type=&#8220;grid&#8220; angled_section=&#8220;no&#8220; text_align=&#8220;center&#8220; background_image_as_pattern=&#8220;without_pattern&#8220; z_index=&#8220;&#8220;][vc_column][vc_empty_space height=&#8220;30px&#8220;][vc_column_text]<\/p>\n<h4 style=\"text-align: center;\">Speisen und \u00dcbernachten<\/h4>\n<p>[\/vc_column_text][vc_empty_space height=&#8220;30px&#8220;][vc_column_text]<\/p>\n<p style=\"text-align: center;\">Sie haben Lust auf ein feines badisches Schlemmermenu oder auch nur auf ein kleines Vesper? Regionale Spezialit\u00e4ten wie Schwarzw\u00e4lder Sch\u00e4ufele, Spargel vom Kaiserstuhl und dazu einen feinen Bodensee-Wein&#8230; Unser Angebot an Restaurants und Gasth\u00e4usern l\u00e4sst keine W\u00fcnsche offen \u2013 f\u00fchlen Sie sich bei uns willkommen!<\/p>\n<p>[\/vc_column_text][vc_empty_space height=&#8220;30px&#8220;]<a  itemprop=\"url\" href=\"\/?page_id=2207\" target=\"_self\"  class=\"qbutton  large default\" style=\"\">Unsere Mitglieder auf der \u00dcbersichtskarte<\/a>[vc_empty_space height=&#8220;60px&#8220;][\/vc_column][\/vc_row][vc_row css_animation=&#8220;&#8220; row_type=&#8220;row&#8220; use_row_as_full_screen_section=&#8220;no&#8220; type=&#8220;grid&#8220; angled_section=&#8220;no&#8220; text_align=&#8220;left&#8220; background_image_as_pattern=&#8220;without_pattern&#8220; css=&#8220;.vc_custom_1562059085377{background-image: url(http:\/\/s771146895.online.de\/wp-content\/uploads\/2019\/07\/hg_hell-1.jpg?id=2147) !important;background-position: center !important;background-repeat: no-repeat !important;background-size: cover !important;}&#8220; z_index=&#8220;&#8220;][vc_column][vc_empty_space height=&#8220;52px&#8220;][vc_column_text]<\/p>\n<h4 style=\"text-align: center;\">Neues von der Wirtevereinigung S\u00fcdschwarzwald-Hochrhein<\/h4>\n<p>[\/vc_column_text][vc_empty_space height=&#8220;80px&#8220;]<div class=\"qode-ls-blog-list qode-ls-blog-list-big-space qode-ls-blog-list-three-columns\">\n\t<div class=\"qode-ls-blog-list-inner clearfix\">\n\t\t\t<article class=\"qode-ls-blog-list-item\">\n\t<div class=\"qode-ls-blog-list-item-inner\">\n\t\t\t\t<div class=\"qode-ls-blog-list-text\">\n\t\t\t<span class=\"qode-ls-blog-list-date entry-date published updated\"> 28. Oktober 2019<\/span>\n\t\t\t<span class=\"qode-ls-blog-list-category\"><a href=\"https:\/\/www.schwarzwald-gastro.de\/?cat=1\" rel=\"category\">Allgemein<\/a><\/span>\n\t\t\t<h5 class=\"qode-ls-blog-list-title\">\n\t\t\t\t<a href=\"https:\/\/www.schwarzwald-gastro.de\/?p=2513\">\n\t\t\t\t\tEinladung zum n\u00e4chsten Wirte-Stammtisch\t\t\t\t<\/a>\n\t\t\t<\/h5>\n\t\t\t\t\t\t\t\t<p class=\"qode-ls-blog-list-excerpt\">Wann: Dienstag 5. November 2019 ab 20.30 Uhr Wo: bei unseren Wirtekollegen Familie N\u00e4gele \u201eLandhotel Haringer Hof\u201c Brandhaldenweg 1 79865 Grafenhausen<\/p>\n\t\t\t\t\t\t<a href=\"https:\/\/www.schwarzwald-gastro.de\/?p=2513\" class=\"qode-ls-blog-list-read-more\">Weiterlesen<\/a>\n\t\t<\/div>\n\t<\/div>\n<\/article><article class=\"qode-ls-blog-list-item\">\n\t<div class=\"qode-ls-blog-list-item-inner\">\n\t\t\t\t<div class=\"qode-ls-blog-list-text\">\n\t\t\t<span class=\"qode-ls-blog-list-date entry-date published updated\"> 24. Oktober 2019<\/span>\n\t\t\t<span class=\"qode-ls-blog-list-category\"><a href=\"https:\/\/www.schwarzwald-gastro.de\/?cat=63\" rel=\"category\">Aktuelles<\/a><\/span>\n\t\t\t<h5 class=\"qode-ls-blog-list-title\">\n\t\t\t\t<a href=\"https:\/\/www.schwarzwald-gastro.de\/?p=2511\">\n\t\t\t\t\tInformation f\u00fcr das Ehrenamt\t\t\t\t<\/a>\n\t\t\t<\/h5>\n\t\t\t\t\t\t\t\t<p class=\"qode-ls-blog-list-excerpt\">Jetzt gilt\u2019s: Mitmachen bei bundesweiter Online-Petition! Liebe Mitglieder, haben Sie schon unterschrieben bei der gro\u00dfen, bundesweiten Online-Petitio<\/p>\n\t\t\t\t\t\t<a href=\"https:\/\/www.schwarzwald-gastro.de\/?p=2511\" class=\"qode-ls-blog-list-read-more\">Weiterlesen<\/a>\n\t\t<\/div>\n\t<\/div>\n<\/article><article class=\"qode-ls-blog-list-item\">\n\t<div class=\"qode-ls-blog-list-item-inner\">\n\t\t\t\t<div class=\"qode-ls-blog-list-text\">\n\t\t\t<span class=\"qode-ls-blog-list-date entry-date published updated\"> 2. Oktober 2019<\/span>\n\t\t\t<span class=\"qode-ls-blog-list-category\"><a href=\"https:\/\/www.schwarzwald-gastro.de\/?cat=63\" rel=\"category\">Aktuelles<\/a><\/span>\n\t\t\t<h5 class=\"qode-ls-blog-list-title\">\n\t\t\t\t<a href=\"https:\/\/www.schwarzwald-gastro.de\/?p=2507\">\n\t\t\t\t\tHinweis: Aktionstage Steinbrunner\t\t\t\t<\/a>\n\t\t\t<\/h5>\n\t\t\t\t\t\t\t\t<p class=\"qode-ls-blog-list-excerpt\">Lernen Sie uns kennen mit dem gesamten Warensortiment Fachstand Leitern\/Steigtechnik Fachstand Desinfektion Fachstand Hautschutz Fachst\u00e4nde Reinigungs<\/p>\n\t\t\t\t\t\t<a href=\"https:\/\/www.schwarzwald-gastro.de\/?p=2507\" class=\"qode-ls-blog-list-read-more\">Weiterlesen<\/a>\n\t\t<\/div>\n\t<\/div>\n<\/article>\t<\/div>\n<\/div>[\/vc_column][\/vc_row]<\/p>\n","protected":false},"excerpt":{"rendered":"<p>[vc_row css_animation=&#8220;&#8220; row_type=&#8220;row&#8220; use_row_as_full_screen_section=&#8220;yes&#8220; type=&#8220;full_width&#8220; angled_section=&#8220;no&#8220; text_align=&#8220;left&#8220; background_image_as_pattern=&#8220;without_pattern&#8220; z_index=&#8220;&#8220;][vc_column][\/vc_column][\/vc_row][vc_row css_animation=&#8220;&#8220; row_type=&#8220;row&#8220; use_row_as_full_screen_section=&#8220;no&#8220; type=&#8220;grid&#8220; angled_section=&#8220;no&#8220; text_align=&#8220;left&#8220; background_image_as_pattern=&#8220;without_pattern&#8220; row_negative_margin=&#8220;disable_negative_margin&#8220; css=&#8220;.vc_custom_1504166626397{padding-top: 80px !important;}&#8220;][vc_column][vc_empty_space height=&#8220;12px&#8220;][vc_column_text] Ihr Wegweiser f\u00fcr \u00dcbernachtung, feines Essen und vieles mehr\u2026 [\/vc_column_text][vc_empty_space][vc_column_text] Mit gastfreundlichem Gru\u00df hei\u00dfen wir,\u00a0die Wirtevereinigung S\u00fcdschwarzwald-Hochrhein, Sie auf diesen informativen Seiten herzlich willkommen&#8230;.<\/p>\n","protected":false},"author":1,"featured_media":0,"parent":0,"menu_order":0,"comment_status":"closed","ping_status":"closed","template":"full_width.php","meta":[],"_links":{"self":[{"href":"https:\/\/www.schwarzwald-gastro.de\/index.php?rest_route=\/wp\/v2\/pages\/156"}],"collection":[{"href":"https:\/\/www.schwarzwald-gastro.de\/index.php?rest_route=\/wp\/v2\/pages"}],"about":[{"href":"https:\/\/www.schwarzwald-gastro.de\/index.php?rest_route=\/wp\/v2\/types\/page"}],"author":[{"embeddable":true,"href":"https:\/\/www.schwarzwald-gastro.de\/index.php?rest_route=\/wp\/v2\/users\/1"}],"replies":[{"embeddable":true,"href":"https:\/\/www.schwarzwald-gastro.de\/index.php?rest_route=%2Fwp%2Fv2%2Fcomments&post=156"}],"version-history":[{"count":110,"href":"https:\/\/www.schwarzwald-gastro.de\/index.php?rest_route=\/wp\/v2\/pages\/156\/revisions"}],"predecessor-version":[{"id":2587,"href":"https:\/\/www.schwarzwald-gastro.de\/index.php?rest_route=\/wp\/v2\/pages\/156\/revisions\/2587"}],"wp:attachment":[{"href":"https:\/\/www.schwarzwald-gastro.de\/index.php?rest_route=%2Fwp%2Fv2%2Fmedia&parent=156"}],"curies":[{"name":"wp","href":"https:\/\/api.w.org\/{rel}","templated":true}]}}